{"id":175237,"date":"2023-06-12T16:59:47","date_gmt":"2023-06-12T15:59:47","guid":{"rendered":"https:\/\/www.asktraders.com\/?post_type=learn_to_trade&#038;p=175237"},"modified":"2023-06-12T17:44:48","modified_gmt":"2023-06-12T16:44:48","slug":"vw-aktie","status":"publish","type":"learn_to_trade","link":"https:\/\/www.asktraders.com\/de\/traden-lernen\/aktien\/vw-aktie\/","title":{"rendered":"VW Aktie &#8211; lohnt sich ein Kauf?"},"content":{"rendered":"\n<p>VW ist die Abk\u00fcrzung von Volkswagen und ist die Kernmarke des Automobilkonzerns Volkswagen AG. Der <strong>Ursprung der Marke stammt aus 1937<\/strong>, als Adolf Hitler die Automobilkonzerne aufforderte, ein Volksauto zu bauen. Dieses sollte der breiten Bev\u00f6lkerung ein Auto erm\u00f6glichen, welches bezahlbar ist und damit in Deutschland die Motorisierung einleiten. Bis zu diesem Datum waren aufgrund der hohen Preise Automobile ausschlie\u00dflich der Oberschicht vorbehalten.<\/p>\n\n\n\n<div class=\"wp-block-group main-cta is-layout-flow wp-block-group-is-layout-flow\" style=\"padding-top:10px;padding-right:10px;padding-bottom:10px;padding-left:10px\">\n<hr class=\"wp-block-separator has-text-color has-gray-color has-alpha-channel-opacity has-gray-background-color has-background is-style-wide\"\/>\n\n\n\n<div style=\"height:28px\" aria-hidden=\"true\" class=\"wp-block-spacer\"><\/div>\n\n\n\n<div class=\"wp-block-buttons is-content-justification-center is-layout-flex wp-container-core-buttons-is-layout-16018d1d wp-block-buttons-is-layout-flex\">\n<div class=\"wp-block-button has-custom-width wp-block-button__width-100 has-custom-font-size is-style-fill has-small-font-size\"><a class=\"wp-block-button__link has-green-background-color has-background wp-element-button\" href=\"https:\/\/www.asktraders.com\/de\/go\/native?placement=AT-DE-DE-stocks-NCTA-B1-NA-NA-NA\" style=\"border-radius:5px;padding-top:11px;padding-right:40px;padding-bottom:11px;padding-left:40px\" target=\"_blank\" rel=\"noreferrer noopener\">Jetzt vw aktie kaufen<\/a><\/div>\n<\/div>\n\n\n\n<p class=\"has-text-align-center\">Ihr Kapital ist in Gefahr<\/p>\n\n\n\n<hr class=\"wp-block-separator has-text-color has-gray-color has-alpha-channel-opacity has-gray-background-color has-background is-style-wide\"\/>\n<\/div>\n\n\n<figure class=\"wp-block-post-featured-image\"><img loading=\"lazy\" decoding=\"async\" width=\"1003\" height=\"424\" src=\"https:\/\/www.asktraders.com\/wp-content\/uploads\/2023\/06\/vw-aktie-2.jpg\" class=\"attachment-post-thumbnail size-post-thumbnail wp-post-image\" alt=\"volkswagen aktie\" style=\"object-fit:cover;\" srcset=\"https:\/\/www.asktraders.com\/wp-content\/uploads\/2023\/06\/vw-aktie-2.jpg 1003w, https:\/\/www.asktraders.com\/wp-content\/uploads\/2023\/06\/vw-aktie-2-333x141.jpg 333w, https:\/\/www.asktraders.com\/wp-content\/uploads\/2023\/06\/vw-aktie-2-793x335.jpg 793w, https:\/\/www.asktraders.com\/wp-content\/uploads\/2023\/06\/vw-aktie-2-768x325.jpg 768w\" sizes=\"auto, (max-width: 1003px) 100vw, 1003px\" \/><\/figure>\n\n\n<p class=\"has-text-align-center\"><em>Volkswagen w\u00fcrde 1937 ins Leben gerufen\/ Bilderquelle: volkswagenag.com<\/em><\/p>\n\n\n\n<p>1949 wurde in der Nachkriegszeit die Volkswagen GmbH gegr\u00fcndet und damit die Marke Volkswagen gefestigt. 2020 gab es <strong>weltweit etwa 50 Modelle<\/strong>, die unter der Marke Volkswagen gefertigt wurden. Der gr\u00f6\u00dfte Aktion\u00e4r der VW Aktie ist das Land Niedersachsen. Wie lautet die VW Aktie Prognose und welche <a href=\"https:\/\/www.asktraders.com\/de\/traden-lernen\/aktien\/sichere-aktien-mit-hoher-dividende\/\" target=\"_blank\" rel=\"noreferrer noopener\">Dividende <\/a>zahlt die VW Aktie?<\/p>\n\n\n<div class=\"wp-block-notice has-background has-light-green-background-color py-2 px-[30px]\">\n\n    <div>\n        \n\n<h2 class=\"wp-block-heading\" class=\"wp-block-heading\" id=\"auf_den_punkt_gebracht\">? Auf den Punkt gebracht:<\/h2>\n\n\n\n<ul class=\"wp-block-list\">\n<li>VW Aktie ST ISIN: DE0007664005<\/li>\n\n\n\n<li>VW VZ Aktie ISIN: DE0007664039<\/li>\n\n\n\n<li>VW Aktie Kurs ST: 151,30 EUR (Stand 7. Juni 2023)<\/li>\n\n\n\n<li>VW VZ Aktie Kurs: 124,16 EUR (Stand 7. Juni 2023)<\/li>\n\n\n\n<li>Gesch\u00e4ftsgr\u00fcndung: 28. Mai 1937<\/li>\n\n\n\n<li>Unternehmenssitz: Wolfsburg, Deutschland<\/li>\n\n\n\n<li>Anzahl Mitarbeiter: 675.805 (Stand 2022)<\/li>\n\n\n\n<li>Umsatz: 279,23 Milliarden EUR (Stand 2022)<\/li>\n<\/ul>\n\n\n    <\/div>\n<\/div>\n\n\n\n<div class=\"wp-block-yoast-seo-table-of-contents yoast-table-of-contents\"><h2 id=\"table_of_contents\">Table of contents<\/h2><ul><li><a href=\"#nicht\" data-level=\"2\">VW Aktie VZ: Volkswagen Aktie kaufen oder nicht?<\/a><\/li><li><a href=\"#Experten\" data-level=\"2\">Volkswagen Aktie Prognose: das VW Aktie Kursziel der Experten<\/a><\/li><li><a href=\"#Aktie-2023\" data-level=\"2\">Kursentwicklung der VW Aktie 2023<\/a><\/li><li><a href=\"#E-Mobilit\u00e4t\" data-level=\"2\">VW Aktie News: Volkswagen investiert in Digitalisierung und E-Mobilit\u00e4t<\/a><\/li><li><a href=\"#zahlt-Volkswagen\" data-level=\"2\">VW Aktie Dividende: wie viel zahlt Volkswagen?<\/a><\/li><li><a href=\"#E-Mobilit\u00e4t\" data-level=\"2\">Zusammenfassung VW Aktie: Positive Prognose dank E-Mobilit\u00e4t<\/a><\/li><\/ul><\/div>\n\n\n\n<div class=\"wp-block-group main-cta is-layout-flow wp-block-group-is-layout-flow\" style=\"padding-top:10px;padding-right:10px;padding-bottom:10px;padding-left:10px\">\n<hr class=\"wp-block-separator has-text-color has-gray-color has-alpha-channel-opacity has-gray-background-color has-background is-style-wide\"\/>\n\n\n\n<div style=\"height:28px\" aria-hidden=\"true\" class=\"wp-block-spacer\"><\/div>\n\n\n\n<div class=\"wp-block-buttons is-content-justification-center is-layout-flex wp-container-core-buttons-is-layout-16018d1d wp-block-buttons-is-layout-flex\">\n<div class=\"wp-block-button has-custom-width wp-block-button__width-100 has-custom-font-size is-style-fill has-small-font-size\"><a class=\"wp-block-button__link has-green-background-color has-background wp-element-button\" href=\"https:\/\/www.asktraders.com\/de\/go\/native?placement=AT-DE-DE-stocks-NCTA-B1-NA-NA-NA\" style=\"border-radius:5px;padding-top:11px;padding-right:40px;padding-bottom:11px;padding-left:40px\" target=\"_blank\" rel=\"noreferrer noopener\">Jetzt vw aktie kaufen<\/a><\/div>\n<\/div>\n\n\n\n<p class=\"has-text-align-center\">Ihr Kapital ist in Gefahr<\/p>\n\n\n\n<hr class=\"wp-block-separator has-text-color has-gray-color has-alpha-channel-opacity has-gray-background-color has-background is-style-wide\"\/>\n<\/div>\n\n\n\n<h2 class=\"wp-block-heading\"  class=\"wp-block-heading\"  id=\"vw_aktie_vz_volkswagen_aktie_kaufen_oder_nicht\">VW Aktie VZ: Volkswagen Aktie kaufen oder nicht?<\/h2>\n\n\n\n<p>Um sich f\u00fcr oder gegen die VW Aktie zu entscheiden, m\u00fcssen verschiedene Kriterien ber\u00fccksichtigt werden. Dazu geh\u00f6ren auch Einsch\u00e4tzungen, die Analysten f\u00fcr die Volkswagen AG vorgenommen haben. In Zusammenhang mit der Aktion\u00e4rsstruktur und Chart-technischen und <a href=\"https:\/\/www.asktraders.com\/de\/traden-lernen\/technische-analyse\/fundamentale-analyse\/\" target=\"_blank\" rel=\"noreferrer noopener\">fundamentalen Analysen<\/a> wird dann die Situation \u00fcberpr\u00fcft. Damit ist es m\u00f6glich, die Aussichten des Volkswagen Konzerns zu bewerten. Die folgenden Kriterien helfen bei der Entscheidung:<\/p>\n\n\n\n<ul class=\"wp-block-list\">\n<li>Die Aktie VW wies in den vergangenen zehn Jahren ein Kurs Minus von durchschnittlich -2,9 % pro Jahr aus.<\/li>\n\n\n\n<li>Unter Ber\u00fccksichtigung der Verlustratio ist das Anlagerisiko in die VW Aktie mit 3,82 als hoch einzustufen.<\/li>\n\n\n\n<li>Die VW Aktie XETRA notiert aktuell (Stand 7. Juni 2023) bei 123,94 EUR.<\/li>\n\n\n\n<li>Das 52 Wochen Hoch der Aktie Volkswagen notierte am 9. Juni 2022 bei 159,80 EUR.<\/li>\n\n\n\n<li>Damit lag das Hoch der vergangenen 52 Wochen 28,93 % \u00fcber dem aktuellen VW Aktie VZ Kurs<\/li>\n\n\n\n<li>Das 52 Wochen Tief befand sich am 22. Dezember 2022 bei 112,84 EUR.<\/li>\n\n\n\n<li>Analysten geben durchschnittlich ein VW Aktie Kursziel von 164,09 EUR an.<\/li>\n\n\n\n<li>In einer Konferenz hatte VW am 4. Mai 2023 seine Quartalszahlen zum ersten Jahresviertel 2023 ver\u00f6ffentlicht. Je VW AG Aktie wurde ein EPS von 8,37 EUR ausgewiesen.<\/li>\n\n\n\n<li>Je VW Aktie hatte Volkswagen im vergangenen Jahr 11,23 EUR eingenommen.<\/li>\n\n\n\n<li>In dem ersten Quartal 2023 konnte der Konzern eine Umsatzsteigerung von 21,45 % verbuchen.<\/li>\n\n\n\n<li>Der Umsatz f\u00fcr das erste Quartal bezifferte der Automobilhersteller auf 76.198 Millionen EUR. Im Vergleich zum Vorjahr ist dies eine Steigerung, denn damals lag der Umsatz noch bei 62.742 Millionen EUR.<\/li>\n\n\n\n<li>Am 27. Juli 2023 werden die Finanzergebnisse f\u00fcr das zweite Quartal 2023 pr\u00e4sentiert.<\/li>\n\n\n\n<li>In ihrer Volkswagen Aktie Prognose gehen die Experten von einem EPS in H\u00f6he von 31,67 EUR aus.<\/li>\n<\/ul>\n\n\n\n<figure class=\"wp-block-image aligncenter size-full\"><img loading=\"lazy\" decoding=\"async\" width=\"857\" height=\"564\" src=\"https:\/\/www.asktraders.com\/wp-content\/uploads\/2023\/06\/vw-aktie-chart.jpg\" alt=\"vw vz aktie\" class=\"wp-image-175256\" srcset=\"https:\/\/www.asktraders.com\/wp-content\/uploads\/2023\/06\/vw-aktie-chart.jpg 857w, https:\/\/www.asktraders.com\/wp-content\/uploads\/2023\/06\/vw-aktie-chart-333x219.jpg 333w, https:\/\/www.asktraders.com\/wp-content\/uploads\/2023\/06\/vw-aktie-chart-793x522.jpg 793w, https:\/\/www.asktraders.com\/wp-content\/uploads\/2023\/06\/vw-aktie-chart-768x505.jpg 768w\" sizes=\"auto, (max-width: 857px) 100vw, 857px\" \/><figcaption class=\"wp-element-caption\"><em>Das ist der VW Aktienchart vom 12.06.2023\/ Bilderquelle: traderfox.com<\/em><\/figcaption><\/figure>\n\n\n\n<h2 class=\"wp-block-heading\"  class=\"wp-block-heading\"  id=\"volkswagen_aktie_prognose_das_vw_aktie_kursziel_der_experten\">Volkswagen Aktie Prognose: das VW Aktie Kursziel der Experten<\/h2>\n\n\n\n<p>Die Analysten der DZ Bank sehen das <strong>Kursziel der VW Aktie (Vorzugsaktien) bei einem Preis von 150 EUR<\/strong>. Dank gut gef\u00fcllte Auftragsb\u00fccher und einigen Ma\u00dfnahmen, um noch effizienter zu werden, wird dem Automobilbauer eine starke Position vor allem beim Thema <a href=\"https:\/\/www.asktraders.com\/de\/traden-lernen\/aktien\/megatrend-elektroauto\/\" target=\"_blank\" rel=\"noreferrer noopener\"><strong>E-Mobilit\u00e4t<\/strong> <\/a>vorhergesagt. Der Volkswagen Konzern stellt Fahrzeuge her und vertreibt sie in Deutschland, Europa, S\u00fcd- und Nordamerika und im asiatisch pazifischen Raum sowie weltweit. Dabei ist das Unternehmen in vier verschiedenen Segmenten t\u00e4tig:<\/p>\n\n\n\n<ol class=\"wp-block-list\" type=\"1\">\n<li><strong>Personen Kraftfahrzeuge und leichte Nutzfahrzeuge<\/strong>: In diesem Segment besch\u00e4ftigt sich VW mit der Fahrzeugentwicklung, der Entwicklung von Motoren und Fahrzeugsoftware und deren Produktion. Au\u00dferdem werden die Fahrzeuge vertrieben und die dazugeh\u00f6rigen Teile angeboten.<\/li>\n\n\n\n<li><strong>Nutzfahrzeuge<\/strong>: Im Nutzfahrzeugsektor entwickelt VW, produziert und vertreibt LKWs und Busse. Des Weiteren werden die daf\u00fcr ben\u00f6tigten Teile angeboten und die damit verbundenen Dienstleistungen.<\/li>\n\n\n\n<li><strong>Power Engineering<\/strong>: In diesem Segment bietet Volkswagen Turbomaschinen, Dieselmotoren und Antriebskomponenten an.<\/li>\n\n\n\n<li><strong>Finanzdienstleistungen<\/strong>: Bei den Finanzdienstleistungen werden H\u00e4ndler- und Kundenfinanzierungen angeboten und Bank-, Leasing- und Versicherungsdienstleistungen. Genauso wie Mobilit\u00e4tsdienstleistungen und ein Flottenmanagement.<\/li>\n<\/ol>\n\n\n<div class=\"wp-block-notice  py-2 px-[30px]\">\n\n    <div>\n        \n\n<figure class=\"wp-block-image aligncenter size-full\"><img loading=\"lazy\" decoding=\"async\" width=\"1000\" height=\"274\" src=\"https:\/\/www.asktraders.com\/wp-content\/uploads\/2023\/06\/aktie-vw.jpg\" alt=\"vw vz aktie\" class=\"wp-image-175248\" srcset=\"https:\/\/www.asktraders.com\/wp-content\/uploads\/2023\/06\/aktie-vw.jpg 1000w, https:\/\/www.asktraders.com\/wp-content\/uploads\/2023\/06\/aktie-vw-333x91.jpg 333w, https:\/\/www.asktraders.com\/wp-content\/uploads\/2023\/06\/aktie-vw-793x217.jpg 793w, https:\/\/www.asktraders.com\/wp-content\/uploads\/2023\/06\/aktie-vw-768x210.jpg 768w\" sizes=\"auto, (max-width: 1000px) 100vw, 1000px\" \/><figcaption class=\"wp-element-caption\"><em>Die Experten sehen eine gute Zukunft f\u00fcr Volkswagen voraus\/ Bilderquelle: Volkswagenag.com<\/em><\/figcaption><\/figure>\n\n\n    <\/div>\n<\/div>\n\n\n\n<p>Des Weiteren bietet VW Motorr\u00e4der an und besitzt mehrere Marken. Bei den PKWs sind dies:<\/p>\n\n\n\n<ul class=\"wp-block-list\">\n<li>SEAT<\/li>\n\n\n\n<li>Skoda<\/li>\n\n\n\n<li>Audi<\/li>\n\n\n\n<li>Bentley<\/li>\n\n\n\n<li>Lamborghini<\/li>\n\n\n\n<li>Porsche<\/li>\n\n\n\n<li>Ducati<\/li>\n\n\n\n<li>Bugatti<\/li>\n<\/ul>\n\n\n\n<p>Im Nutzfahrzeuge Bereich lauten die Marken:<\/p>\n\n\n\n<ul class=\"wp-block-list\">\n<li>MAN<\/li>\n\n\n\n<li>Scania<\/li>\n\n\n\n<li>Navistar<\/li>\n\n\n\n<li>Volkswagen Truck und Bus<\/li>\n<\/ul>\n\n\n\n<p>Gegr\u00fcndet wurde Volkswagen 1937 und der Gesch\u00e4ftssitz befindet sich in Deutschland, genaugenommen in Wolfsburg. Die Volkswagen AG geh\u00f6rt zu der Porsche Automobil Holding SE. In den letzten Wochen stieg zwar der Umsatz, daf\u00fcr sank aber der Gewinn. Der Umsatz konnte deutlich gesteigert werden, trotzdem fiel der Gewinn deutlich geringer aus. Im Vergleich zum Vorjahr verzeichnete Volkswagen ein <strong>Umsatzplus in H\u00f6he von 21,5 %<\/strong> und konnte diesen auf 76,2 Milliarden EUR steigern. Gleichzeitig ging der operative Gewinn zur\u00fcck und fiel von urspr\u00fcnglich 8,3 Milliarden EUR auf 5,7 Milliarden EUR.<\/p>\n\n\n\n<ul class=\"wp-block-list\">\n<li>Analysten haben ihre VW Aktie Prognose bez\u00fcglich der Vorzugsaktien auf \u201e<a href=\"https:\/\/www.asktraders.com\/de\/traden-lernen\/trading-ratgeber\/aktien-kaufen-vorgehensweise\/\" target=\"_blank\" rel=\"noreferrer noopener\">Kaufen<\/a>\u201c belassen.<\/li>\n\n\n\n<li>Das VW Aktie Kursziel wird bei 150 EUR von den Analysten der DZ Bank gesehen.<\/li>\n\n\n\n<li>Vor allem f\u00fcr die E-Mobilit\u00e4t sehen die Experten positive Aussichten f\u00fcr den Konzern.<\/li>\n<\/ul>\n\n\n\n<div class=\"wp-block-group main-cta is-layout-flow wp-block-group-is-layout-flow\" style=\"padding-top:10px;padding-right:10px;padding-bottom:10px;padding-left:10px\">\n<hr class=\"wp-block-separator has-text-color has-gray-color has-alpha-channel-opacity has-gray-background-color has-background is-style-wide\"\/>\n\n\n\n<div style=\"height:28px\" aria-hidden=\"true\" class=\"wp-block-spacer\"><\/div>\n\n\n\n<div class=\"wp-block-buttons is-content-justification-center is-layout-flex wp-container-core-buttons-is-layout-16018d1d wp-block-buttons-is-layout-flex\">\n<div class=\"wp-block-button has-custom-width wp-block-button__width-100 has-custom-font-size is-style-fill has-small-font-size\"><a class=\"wp-block-button__link has-green-background-color has-background wp-element-button\" href=\"https:\/\/www.asktraders.com\/de\/go\/native?placement=AT-DE-DE-stocks-NCTA-B1-NA-NA-NA\" style=\"border-radius:5px;padding-top:11px;padding-right:40px;padding-bottom:11px;padding-left:40px\" target=\"_blank\" rel=\"noreferrer noopener\">Jetzt vw aktie kaufen<\/a><\/div>\n<\/div>\n\n\n\n<p class=\"has-text-align-center\">Ihr Kapital ist in Gefahr<\/p>\n\n\n\n<hr class=\"wp-block-separator has-text-color has-gray-color has-alpha-channel-opacity has-gray-background-color has-background is-style-wide\"\/>\n<\/div>\n\n\n\n<h2 class=\"wp-block-heading\"  class=\"wp-block-heading\"  id=\"kursentwicklung_der_vw_aktie_2023\">Kursentwicklung der VW Aktie 2023<\/h2>\n\n\n\n<p>F\u00fcr die VW Aktie sehen Experten noch Luft nach oben. <strong>Sechs Analysten empfehlen den Kauf <\/strong>der VW Aktie. Sieben Experten stufen die Volkswagen Aktie ein mit \u201eHalten\u201c. Nur ein Experte sieht die VW Aktie f\u00fcr den Verkauf. Durchschnittlich wird von einem Kursziel der VW Aktie in H\u00f6he von 159,29 EUR ausgegangen. Die Kurse der ersten sechs Monate des Jahres 2023 in EUR lauteten:<\/p>\n\n\n\n<figure class=\"wp-block-table\"><table><tbody><tr><td>Monat<\/td><td>Erster<\/td><td>Schluss<\/td><td>Hoch<\/td><td>Tief<\/td><td>Ver\u00e4nderung<\/td><\/tr><tr><td>Januar<\/td><td>116,36<\/td><td>126,98<\/td><td>128,78<\/td><td>116,36<\/td><td>9,13 %<\/td><\/tr><tr><td>Februar<\/td><td>126,98<\/td><td>129,76<\/td><td>132,70<\/td><td>126,98<\/td><td>2,19 %<\/td><\/tr><tr><td>M\u00e4rz<\/td><td>129,76<\/td><td>125,84<\/td><td>141,02<\/td><td>119,46<\/td><td>-3,02 %<\/td><\/tr><tr><td>April<\/td><td>125,84<\/td><td>123,80<\/td><td>127,62<\/td><td>120,26<\/td><td>-1,62 %<\/td><\/tr><tr><td>Mai<\/td><td>123,80<\/td><td>117,38<\/td><td>127,84<\/td><td>116,88<\/td><td>-5,19 %<\/td><\/tr><tr><td>Juni<\/td><td>117,38<\/td><td>121,82<\/td><td>121,82<\/td><td>117,38<\/td><td>3,78 %<\/td><\/tr><\/tbody><\/table><\/figure>\n\n\n\n<figure class=\"wp-block-image aligncenter size-full is-resized\"><img loading=\"lazy\" decoding=\"async\" src=\"https:\/\/www.asktraders.com\/wp-content\/uploads\/2023\/06\/volkswagen-aktie.jpg\" alt=\"vw-aktie\" class=\"wp-image-175247\" width=\"793\" height=\"230\" srcset=\"https:\/\/www.asktraders.com\/wp-content\/uploads\/2023\/06\/volkswagen-aktie.jpg 1000w, https:\/\/www.asktraders.com\/wp-content\/uploads\/2023\/06\/volkswagen-aktie-333x97.jpg 333w, https:\/\/www.asktraders.com\/wp-content\/uploads\/2023\/06\/volkswagen-aktie-793x231.jpg 793w, https:\/\/www.asktraders.com\/wp-content\/uploads\/2023\/06\/volkswagen-aktie-768x223.jpg 768w\" sizes=\"auto, (max-width: 793px) 100vw, 793px\" \/><figcaption class=\"wp-element-caption\"><em>Volkswagen hat klare Ziele bei dem Verkauf von E-Fahrzeugen\/ Bilderquelle: volkswagenag.com<\/em><\/figcaption><\/figure>\n\n\n\n<h2 class=\"wp-block-heading\"  class=\"wp-block-heading\"  id=\"vw_aktie_news_volkswagen_investiert_in_digitalisierung_und_e_mobilitaet\">VW Aktie News: Volkswagen investiert in Digitalisierung und E-Mobilit\u00e4t<\/h2>\n\n\n\n<p>Bis 2025 soll nach dem Management <strong>jedes f\u00fcnfte verkaufte Fahrzeug von Volkswagen ein Elektroauto<\/strong> sein. Um dieses Ziel erreichen zu k\u00f6nnen, investiert VW etwa 180 Milliarden EUR bis zum Jahr 2027. 122 Milliarden davon (etwa zwei Drittel) sollen in die Bereiche Digitalisierung und Elektromobilit\u00e4t flie\u00dfen. 2022 betrug gemessen an den Gesamtauslieferungen der Anteil der batteriebetriebenen Fahrzeuge 7 % &#8211; der bisherige Rekordwert des Automobilkonzerns. 572.100 Fahrzeuge wurden ausgeliefert, die \u00fcber einen rein elektrischen Antrieb verf\u00fcgten.<\/p>\n\n\n\n<p>Das bedeutet im Vergleich zu den Zahlen der letzten Jahre einen Anstieg von 26 %. Geplant ist, dass bis zum Jahr 2025 jedes f\u00fcnfte weltweit verkaufte Fahrzeug von VW einen Elektroantrieb besitzt. Trotzdem gingen insgesamt die Auslieferungen auf 8,3 Millionen Fahrzeuge zur\u00fcck, das bedeutet ein Minus von 7 %. Urs\u00e4chlich verantwortlich hierf\u00fcr waren Engp\u00e4sse in der Lieferkette, die aber in den letzten Monaten sukzessive nachgelassen h\u00e4tten. Anfang M\u00e4rz 2023 hatte VW die Eckdaten f\u00fcr das Jahr 2022 ver\u00f6ffentlicht.<\/p>\n\n\n\n<p>Trotz Lieferprobleme konnte der Konzern seinen <strong>Gewinn um 2,6 % auf 15,8 Milliarden EUR<\/strong> steigern. Allerdings gab es bei der Energie und den Rohstoffen Preissteigerungen, die nicht ganz mit den h\u00f6heren Verkaufspreisen wettgemacht werden konnten. Der <strong>Umsatz stieg um 12 % auf rund 279 Milliarden EUR<\/strong>. Im September 2020 wurde der erste ID.3 \u00fcbergeben, seitdem ist Volkswagen bez\u00fcglich der Elektrifizierung auf Erfolgskurs.<\/p>\n\n\n\n<p>Weltweit wurden <strong>mehr als 500.000 Fahrzeuge der ID. Familie verkauft<\/strong>. Damit hat VW bez\u00fcglich der Umsetzung seiner Strategie f\u00fcr emissionsfreie und softwarebasierte Mobilit\u00e4tsdienstleister einen weiteren Meilenstein erreicht. Ab 2035 sollen ausschlie\u00dflich E-Autos produziert werden. Geplant ist es, ab 2030 mindestens 70 % des europ\u00e4ischen Absatzes mit reinen Elektroautos zu erzielen. Im selben Zeitraum werden f\u00fcr China und USA ein Anteil von mehr als 50 % bei E-Autos angepeilt.<\/p>\n\n\n\n<p>Hierf\u00fcr bietet Volkswagen ein sehr breites Modellportfolio an Elektroautos an. Angefangen vom Einstiegs Elektroauto mit einem Preis unterhalb von 25.000 EUR bis zum Flaggschiff ID:7 wird f\u00fcr jeden Bedarf ein passendes Modell vorhanden sein. Bis 2026 sollen zehn neue Modelle auf dem Markt erscheinen. In den kommenden Jahren werden im Wolfsburger Stammwerk <strong>umfangreiche Umbauma\u00dfnahmen<\/strong> vorgenommen, um damit ein hochproduktives Werk f\u00fcr Elektrofahrzeuge zu erhalten. In diesem Schritt investiert der Fahrzeughersteller rund 460 Millionen EUR.<\/p>\n\n\n\n<div class=\"wp-block-group main-cta is-layout-flow wp-block-group-is-layout-flow\" style=\"padding-top:10px;padding-right:10px;padding-bottom:10px;padding-left:10px\">\n<hr class=\"wp-block-separator has-text-color has-gray-color has-alpha-channel-opacity has-gray-background-color has-background is-style-wide\"\/>\n\n\n\n<div style=\"height:28px\" aria-hidden=\"true\" class=\"wp-block-spacer\"><\/div>\n\n\n\n<div class=\"wp-block-buttons is-content-justification-center is-layout-flex wp-container-core-buttons-is-layout-16018d1d wp-block-buttons-is-layout-flex\">\n<div class=\"wp-block-button has-custom-width wp-block-button__width-100 has-custom-font-size is-style-fill has-small-font-size\"><a class=\"wp-block-button__link has-green-background-color has-background wp-element-button\" href=\"https:\/\/www.asktraders.com\/de\/go\/native?placement=AT-DE-DE-stocks-NCTA-B1-NA-NA-NA\" style=\"border-radius:5px;padding-top:11px;padding-right:40px;padding-bottom:11px;padding-left:40px\" target=\"_blank\" rel=\"noreferrer noopener\">Jetzt vw aktie kaufen<\/a><\/div>\n<\/div>\n\n\n\n<p class=\"has-text-align-center\">Ihr Kapital ist in Gefahr<\/p>\n\n\n\n<hr class=\"wp-block-separator has-text-color has-gray-color has-alpha-channel-opacity has-gray-background-color has-background is-style-wide\"\/>\n<\/div>\n\n\n\n<h2 class=\"wp-block-heading\"  class=\"wp-block-heading\"  id=\"vw_aktie_dividende_wie_viel_zahlt_volkswagen\">VW Aktie Dividende: wie viel zahlt Volkswagen?<\/h2>\n\n\n\n<p>Gem\u00e4\u00df dem aktuellen Stand wurde eine Volkswagen Aktie Dividende innerhalb der letzten zw\u00f6lf Monate in H\u00f6he von 27,82 EUR pro VW Aktie ausgezahlt. 19,06 EUR davon war eine Sonderdividende. Beim aktuellen Kurs bedeutet dies eine <strong>Rendite von 22,37 %<\/strong>. Die Dividende wird einmal j\u00e4hrlich ausgesch\u00fcttet und der Zahlungsmonat ist jedes Jahr im Mai. In den letzten zwei Jahren hat Volkswagen seine Dividende gesteigert. Auf zehn Jahressicht gesehen betrug diese j\u00e4hrliche Steigerung 10,22 %, auf f\u00fcnf Jahressicht 20,54 %.<\/p>\n\n\n\n<p>Bezogen auf den Free Cashflow liegt <strong>die Aussch\u00fcttungsquote bei 986,5 %<\/strong>. Auf den bereinigten Gewinn bezogen sch\u00fcttet die VW Aktie 104 % an seine Anteilseigner aus. Bei einer maximalen Dividendenstabilit\u00e4t von 1,0 liegt der Wert mit 0,8 sehr gut. Das zeigt, dass die VW Aktie in der Vergangenheit ein zuverl\u00e4ssiger Zahler von Dividenden war. Analysten rechnen f\u00fcr das laufende Gesch\u00e4ftsjahr zudem mit einer Steigerung der Dividende in H\u00f6he von 12,83 %. In den vergangenen Jahren wurden gezahlt:<\/p>\n\n\n\n<figure class=\"wp-block-table\"><table><tbody><tr><td>Ex-Datum<\/td><td>Zahltag<\/td><td>Betrag in EUR<\/td><\/tr><tr><td>11.05.23<\/td><td>15.05.23<\/td><td>8,76<\/td><\/tr><tr><td>19.12.22<\/td><td>09.01.23<\/td><td>19,06<\/td><\/tr><tr><td>13.05.22<\/td><td>17.05.22<\/td><td>7,56<\/td><\/tr><tr><td>23.07.21<\/td><td>27.07.21<\/td><td>4,86<\/td><\/tr><tr><td>01.10.20<\/td><td>05.10.20<\/td><td>4,86<\/td><\/tr><tr><td>15.05.19<\/td><td>17.05.19<\/td><td>4,86<\/td><\/tr><tr><td>04.05.18<\/td><td>08.05.18<\/td><td>3,96<\/td><\/tr><tr><td>11.05.17<\/td><td>15.05.17<\/td><td>2,06<\/td><\/tr><\/tbody><\/table><\/figure>\n\n\n\n<figure class=\"wp-block-image aligncenter size-full\"><img loading=\"lazy\" decoding=\"async\" width=\"1000\" height=\"440\" src=\"https:\/\/www.asktraders.com\/wp-content\/uploads\/2023\/06\/vw-vz-aktie.jpg\" alt=\"aktie vw\" class=\"wp-image-175249\"\/><figcaption class=\"wp-element-caption\"><em>VW m\u00f6chte die Produktion von E-Fahrzeugen weiter ausbauen\/ Bilderquelle: volkswagenag.com<\/em><\/figcaption><\/figure>\n\n\n\n<h2 class=\"wp-block-heading\"  class=\"wp-block-heading\"  id=\"zusammenfassung_vw_aktie_positive_prognose_dank_e_mobilitaet\">Zusammenfassung VW Aktie: Positive Prognose dank E-Mobilit\u00e4t<\/h2>\n\n\n\n<p>Gegr\u00fcndet wurde VW am 28. Mai 1937. Der Hauptgesch\u00e4ftssitz befindet sich in Wolfsburg, Deutschland. Anfang 2023 wurden <strong>weltweit 675.805 Mitarbeiter besch\u00e4ftigt<\/strong>. Die Volkswagen AG ist ein Unternehmen, welches sich mit der Produktion und dem Vertrieb von Fahrzeugen befasst. Neben Personenkraftwagen und leichten Nutzfahrzeugen werden auch schwere Nutzfahrzeuge produziert. Au\u00dferdem entwickelt das Unternehmen Komponenten f\u00fcr s\u00e4mtliche Marken der Unternehmensgruppe. Hierf\u00fcr ist VW in verschiedenen Segmenten t\u00e4tig: Pkw, Nutzfahrzeuge, Finanzdienstleistungen und Power Engineering. Im PKW Bereich werden Fahrzeuge und Motoren produziert und vertrieben, genauso wie leichte Nutzfahrzeuge. Zudem wird das entsprechende Gesch\u00e4ft mit Originalteilen angeboten.<\/p>\n\n\n\n<p>Im Nutzfahrzeuge Segment werden ebenfalls Fahrzeuge entwickelt, produziert und vertrieben. Neben leichten Nutzfahrzeugen werden auch Busse und LKWs entwickelt und die entsprechenden Originalteile angeboten. Im Bereich Power Engineering werden Dieselmotoren, Industrieturbinen, Turbokomposition und Reaktorsysteme entwickelt und produziert. Des Weiteren besch\u00e4ftigt sich das Unternehmen mit der Herstellung von Antriebskomponenten, Pr\u00fcfsystemen und Getriebe. Im Finanzdienstleistungssektor werden Finanzierungen, Leasing, Versicherungen, Bankgesch\u00e4ften und ein Flottenmanagement angeboten. Der Konzern plant <strong>umfangreiche Investitionen in dem Bereich E-Mobilit\u00e4t<\/strong>. Aus diesem Grund sehen die Analysten f\u00fcr die VW Aktie eine positive Prognose und raten \u00fcberwiegend zum Kauf. Die VW Aktie kann bei allen <a href=\"https:\/\/www.asktraders.com\/de\/traden-lernen\/aktien\/aktien-online-kaufen\/\" target=\"_blank\" rel=\"noreferrer noopener\">Brokern <\/a>gehandelt werden, die wir in unserem Vergleich getestet haben.<\/p>\n\n\n\n<div class=\"wp-block-group main-cta is-layout-flow wp-block-group-is-layout-flow\" style=\"padding-top:10px;padding-right:10px;padding-bottom:10px;padding-left:10px\">\n<hr class=\"wp-block-separator has-text-color has-gray-color has-alpha-channel-opacity has-gray-background-color has-background is-style-wide\"\/>\n\n\n\n<div style=\"height:28px\" aria-hidden=\"true\" class=\"wp-block-spacer\"><\/div>\n\n\n\n<div class=\"wp-block-buttons is-content-justification-center is-layout-flex wp-container-core-buttons-is-layout-16018d1d wp-block-buttons-is-layout-flex\">\n<div class=\"wp-block-button has-custom-width wp-block-button__width-100 has-custom-font-size is-style-fill has-small-font-size\"><a class=\"wp-block-button__link has-green-background-color has-background wp-element-button\" href=\"https:\/\/www.asktraders.com\/de\/go\/native?placement=AT-DE-DE-stocks-NCTA-B1-NA-NA-NA\" style=\"border-radius:5px;padding-top:11px;padding-right:40px;padding-bottom:11px;padding-left:40px\" target=\"_blank\" rel=\"noreferrer noopener\">Jetzt vw aktie kaufen<\/a><\/div>\n<\/div>\n\n\n\n<p class=\"has-text-align-center\">Ihr Kapital ist in Gefahr<\/p>\n\n\n\n<hr class=\"wp-block-separator has-text-color has-gray-color has-alpha-channel-opacity has-gray-background-color has-background is-style-wide\"\/>\n<\/div>\n\n\n<aside class=\"wp-block-related-posts  \" >\n                    \n\n<h3 class=\"wp-block-heading\" class=\"wp-block-heading\" id=\"leser_interessieren_sich_auch_fuer\">Leser interessieren sich auch f\u00fcr:<\/h3>\n\n\n        <ul class=\"grid grid-cols-1 md:grid-cols-2 gap-4 lg:grid-cols-1\">\n                            <li class=\"w-full p-3 rounded-lg shadow md:w-full\">\n                    <a href=\"https:\/\/www.asktraders.com\/de\/traden-lernen\/technische-analyse\/chart-technische-analyse\/\" class=\"flex\">\n                        <img loading=\"lazy\" decoding=\"async\" width=\"150\" height=\"150\" src=\"https:\/\/www.asktraders.com\/wp-content\/uploads\/2019\/10\/shutterstock_599600603-150x150.jpg\" class=\"w-1\/3 rounded object-cover  wp-post-image\" alt=\"CFD-Brokers\" srcset=\"https:\/\/www.asktraders.com\/wp-content\/uploads\/2019\/10\/shutterstock_599600603-150x150.jpg 150w, https:\/\/www.asktraders.com\/wp-content\/uploads\/2019\/10\/shutterstock_599600603-100x100.jpg 100w, https:\/\/www.asktraders.com\/wp-content\/uploads\/2019\/10\/shutterstock_599600603-64x64.jpg 64w, https:\/\/www.asktraders.com\/wp-content\/uploads\/2019\/10\/shutterstock_599600603-26x26.jpg 26w\" sizes=\"auto, (max-width: 150px) 100vw, 150px\" \/>\n                        <div class=\"flex flex-col w-2\/3 pl-3\">\n                                                        <span\n                                class=\"block py-1 grow text-sm font-bold \">(Chart-) technische Analyse<\/span>\n                                                            <span class=\"text-xs uppercase\">\n                                    Analyst Team\n                                <\/span>\n                                                    <\/div>\n                    <\/a>\n                <\/li>\n                            <li class=\"w-full p-3 rounded-lg shadow md:w-full\">\n                    <a href=\"https:\/\/www.asktraders.com\/de\/traden-lernen\/trading-ratgeber\/trading-tipps-die-jeder-trader-kennen-sollte\/\" class=\"flex\">\n                        <img loading=\"lazy\" decoding=\"async\" width=\"150\" height=\"150\" src=\"https:\/\/www.asktraders.com\/wp-content\/uploads\/2019\/03\/shutterstock_1017297325-150x150.jpg\" class=\"w-1\/3 rounded object-cover  wp-post-image\" alt=\"Trading\" srcset=\"https:\/\/www.asktraders.com\/wp-content\/uploads\/2019\/03\/shutterstock_1017297325-150x150.jpg 150w, https:\/\/www.asktraders.com\/wp-content\/uploads\/2019\/03\/shutterstock_1017297325-100x100.jpg 100w, https:\/\/www.asktraders.com\/wp-content\/uploads\/2019\/03\/shutterstock_1017297325-64x64.jpg 64w, https:\/\/www.asktraders.com\/wp-content\/uploads\/2019\/03\/shutterstock_1017297325-26x26.jpg 26w\" sizes=\"auto, (max-width: 150px) 100vw, 150px\" \/>\n                        <div class=\"flex flex-col w-2\/3 pl-3\">\n                                                        <span\n                                class=\"block py-1 grow text-sm font-bold \">5 Tipps, die jeder Trader kennen sollte<\/span>\n                                                            <span class=\"text-xs uppercase\">\n                                    Analyst Team\n                                <\/span>\n                                                    <\/div>\n                    <\/a>\n                <\/li>\n                            <li class=\"w-full p-3 rounded-lg shadow md:w-full\">\n                    <a href=\"https:\/\/www.asktraders.com\/de\/traden-lernen\/aktien\/aktien-online-kaufen\/\" class=\"flex\">\n                        <img loading=\"lazy\" decoding=\"async\" width=\"150\" height=\"150\" src=\"https:\/\/www.asktraders.com\/wp-content\/uploads\/2020\/09\/Aktien-online-kaufen-150x150.jpg\" class=\"w-1\/3 rounded object-cover  wp-post-image\" alt=\"Aktien online kaufen\" \/>\n                        <div class=\"flex flex-col w-2\/3 pl-3\">\n                                                        <span\n                                class=\"block py-1 grow text-sm font-bold \">Aktien Online kaufen: Die besten Tipps zum Handel mit Aktien<\/span>\n                                                            <span class=\"text-xs uppercase\">\n                                    Christian Habeck\n                                <\/span>\n                                                    <\/div>\n                    <\/a>\n                <\/li>\n                    <\/ul>\n            \n    <\/aside>\n\n\n<aside class=\"wp-block-related-posts  \" data-sidebar>\n                    \n\n<h2 class=\"wp-block-heading\"  class=\"wp-block-heading\"  id=\"aktuelle_beitraege\">Aktuelle Beitr\u00e4ge<\/h2>\n\n\n        <ul class=\"grid grid-cols-1 md:grid-cols-2 gap-4 lg:grid-cols-1\">\n                            <li class=\"w-full p-3 rounded-lg shadow md:w-full\">\n                    <a href=\"https:\/\/www.asktraders.com\/de\/finanznachrichten\/evonik-aktien-erreichen-neues-tief-als-e13-durchbrochen-werden\/\" class=\"flex\">\n                        <img loading=\"lazy\" decoding=\"async\" width=\"150\" height=\"150\" src=\"https:\/\/www.asktraders.com\/wp-content\/uploads\/2023\/05\/evonik-aktie-prognose-150x150.jpg\" class=\"w-1\/3 rounded object-cover  wp-post-image\" alt=\"Evonik Aktie\" \/>\n                        <div class=\"flex flex-col w-2\/3 pl-3\">\n                                                        <span\n                                class=\"block py-1 grow text-sm font-bold \">Evonik Aktien erreichen neues Tief, als \u20ac13 durchbrochen werden<\/span>\n                                                            <span class=\"text-xs uppercase\">\n                                    Analyst Team\n                                <\/span>\n                                                    <\/div>\n                    <\/a>\n                <\/li>\n                            <li class=\"w-full p-3 rounded-lg shadow md:w-full\">\n                    <a href=\"https:\/\/www.asktraders.com\/de\/finanznachrichten\/2g-energy-ag-aktie-erholt-sich-von-unterstuetzung-steigerung-von-10\/\" class=\"flex\">\n                        <img loading=\"lazy\" decoding=\"async\" width=\"150\" height=\"150\" src=\"https:\/\/www.asktraders.com\/wp-content\/uploads\/2025\/08\/power-and-energy-150x150.jpg\" class=\"w-1\/3 rounded object-cover  wp-post-image\" alt=\"Uniper UN0\" \/>\n                        <div class=\"flex flex-col w-2\/3 pl-3\">\n                                                        <span\n                                class=\"block py-1 grow text-sm font-bold \">2G Energy AG Aktie erholt sich von Unterst\u00fctzung \u2013 Steigerung von 10%<\/span>\n                                                            <span class=\"text-xs uppercase\">\n                                    Analyst Team\n                                <\/span>\n                                                    <\/div>\n                    <\/a>\n                <\/li>\n                            <li class=\"w-full p-3 rounded-lg shadow md:w-full\">\n                    <a href=\"https:\/\/www.asktraders.com\/de\/finanznachrichten\/mercedes-benz-aktie-goldman-sachs-initiiert-analystendeckung-mit-positiver-einschaetzung\/\" class=\"flex\">\n                        <img loading=\"lazy\" decoding=\"async\" width=\"150\" height=\"150\" src=\"https:\/\/www.asktraders.com\/wp-content\/uploads\/2023\/06\/aktie-mercedes-150x150.jpg\" class=\"w-1\/3 rounded object-cover  wp-post-image\" alt=\"Mercedes Aktie\" \/>\n                        <div class=\"flex flex-col w-2\/3 pl-3\">\n                                                        <span\n                                class=\"block py-1 grow text-sm font-bold \">Mercedes-Benz Aktie: Goldman Sachs initiiert Analystendeckung mit positiver Einsch\u00e4tzung<\/span>\n                                                            <span class=\"text-xs uppercase\">\n                                    Analyst Team\n                                <\/span>\n                                                    <\/div>\n                    <\/a>\n                <\/li>\n                            <li class=\"w-full p-3 rounded-lg shadow md:w-full\">\n                    <a href=\"https:\/\/www.asktraders.com\/de\/finanznachrichten\/dax-aktien-erholen-sich-nach-nvidia-beben-maerkte-atmen-auf\/\" class=\"flex\">\n                        <img loading=\"lazy\" decoding=\"async\" width=\"150\" height=\"150\" src=\"https:\/\/www.asktraders.com\/wp-content\/uploads\/2023\/04\/dax-handeln-150x150.jpg\" class=\"w-1\/3 rounded object-cover  wp-post-image\" alt=\"\" \/>\n                        <div class=\"flex flex-col w-2\/3 pl-3\">\n                                                        <span\n                                class=\"block py-1 grow text-sm font-bold \">DAX-Aktien erholen sich nach Nvidia-Beben: M\u00e4rkte atmen auf<\/span>\n                                                            <span class=\"text-xs uppercase\">\n                                    Analyst Team\n                                <\/span>\n                                                    <\/div>\n                    <\/a>\n                <\/li>\n                            <li class=\"w-full p-3 rounded-lg shadow md:w-full\">\n                    <a href=\"https:\/\/www.asktraders.com\/de\/finanznachrichten\/rheinmetall-aktien-finden-unterstuetzung-bei-1-600-e-wie-geht-es-weiter\/\" class=\"flex\">\n                        <img loading=\"lazy\" decoding=\"async\" width=\"150\" height=\"150\" src=\"https:\/\/www.asktraders.com\/wp-content\/uploads\/2022\/11\/Die-Rheinmetall-Aktie-im-Chart-150x150.jpg\" class=\"w-1\/3 rounded object-cover  wp-post-image\" alt=\"Die Rheinmetall Aktie im Chart\" \/>\n                        <div class=\"flex flex-col w-2\/3 pl-3\">\n                                                        <span\n                                class=\"block py-1 grow text-sm font-bold \">Rheinmetall-Aktien finden Unterst\u00fctzung bei 1.600 \u20ac \u2013 Wie geht es weiter?<\/span>\n                                                            <span class=\"text-xs uppercase\">\n                                    Analyst Team\n                                <\/span>\n                                                    <\/div>\n                    <\/a>\n                <\/li>\n                    <\/ul>\n            \n    <\/aside>\n\n\n<div class=\"wp-block-top5-broker\" data-sidebar>\n        <div>\n        \n\n<h2 class=\"wp-block-heading\"  class=\"wp-block-heading\"  id=\"\"><\/h2>\n\n\n    <\/div>\n            <div class=\"block bg-white rounded-lg shadow\">\n        <ul\n            class=\"flex flex-wrap w-full -mb-px list-none border-b-2 navTabs \">\n                                                                                                        <\/ul>\n                    <div class=\"navTabContent \" id=\"top5-tab1\">\n                <ol class=\"flex\n                flex-wrap\n                \">\n                                    <\/ol>\n                            <\/div>\n                    <div class=\"navTabContent hidden\" id=\"top5-tab2\">\n                <ol class=\"flex\n                flex-wrap\n                \">\n                                    <\/ol>\n                            <\/div>\n                    <div class=\"navTabContent hidden\" id=\"top5-tab3\">\n                <ol class=\"flex\n                flex-wrap\n                \">\n                                    <\/ol>\n                            <\/div>\n        \n    <\/div>\n    <\/div>\n","protected":false},"author":66,"featured_media":175258,"parent":0,"comment_status":"open","ping_status":"closed","template":"","tradingcategory":[99],"class_list":["post-175237","learn_to_trade","type-learn_to_trade","status-publish","has-post-thumbnail","hentry","tradingcategory-aktien"],"acf":[],"yoast_head":"<!-- This site is optimized with the Yoast SEO plugin v27.2 - https:\/\/yoast.com\/product\/yoast-seo-wordpress\/ -->\n<title>VW Aktie 2026: E-Mobilit\u00e4t treibt Kurs an<\/title>\n<meta name=\"description\" content=\"VW Aktie 2026 \u00bb H\u00f6here Ums\u00e4tze, aber niedrigere Gewinne \u271a Die meisten Analysten empfehlen einen Kauf \u27a4 Hier informieren!\" \/>\n<meta name=\"robots\" content=\"index, follow, max-snippet:-1, max-image-preview:large, max-video-preview:-1\" \/>\n<link rel=\"canonical\" href=\"https:\/\/www.asktraders.com\/de\/traden-lernen\/aktien\/vw-aktie\/\" \/>\n<meta property=\"og:locale\" content=\"de_DE\" \/>\n<meta property=\"og:type\" content=\"article\" \/>\n<meta property=\"og:title\" content=\"VW Aktie 2026: E-Mobilit\u00e4t treibt Kurs an\" \/>\n<meta property=\"og:description\" content=\"VW Aktie [yyyy] \u00bb H\u00f6here Ums\u00e4tze, aber niedrigere Gewinne \u271a Die meisten Analysten empfehlen einen Kauf \u27a4 Hier informieren!\" \/>\n<meta property=\"og:url\" content=\"https:\/\/www.asktraders.com\/de\/traden-lernen\/aktien\/vw-aktie\/\" \/>\n<meta property=\"og:site_name\" content=\"AskTraders.com\" \/>\n<meta property=\"article:publisher\" content=\"https:\/\/www.facebook.com\/asktraderscom\" \/>\n<meta property=\"article:modified_time\" content=\"2023-06-12T16:44:48+00:00\" \/>\n<meta property=\"og:image\" content=\"https:\/\/www.asktraders.com\/wp-content\/uploads\/2023\/06\/vw-aktie-2.jpg\" \/>\n\t<meta property=\"og:image:width\" content=\"1003\" \/>\n\t<meta property=\"og:image:height\" content=\"424\" \/>\n\t<meta property=\"og:image:type\" content=\"image\/jpeg\" \/>\n<meta name=\"twitter:card\" content=\"summary_large_image\" \/>\n<meta name=\"twitter:site\" content=\"@Asktraders1\" \/>\n<meta name=\"twitter:label1\" content=\"Gesch\u00e4tzte Lesezeit\" \/>\n\t<meta name=\"twitter:data1\" content=\"11 Minuten\" \/>\n<script type=\"application\/ld+json\" class=\"yoast-schema-graph\">{\"@context\":\"https:\/\/schema.org\",\"@graph\":[{\"@type\":\"WebPage\",\"@id\":\"https:\/\/www.asktraders.com\/de\/traden-lernen\/aktien\/vw-aktie\/\",\"url\":\"https:\/\/www.asktraders.com\/de\/traden-lernen\/aktien\/vw-aktie\/\",\"name\":\"VW Aktie [yyyy]: E-Mobilit\u00e4t treibt Kurs an\",\"isPartOf\":{\"@id\":\"https:\/\/www.asktraders.com\/de\/#website\"},\"primaryImageOfPage\":{\"@id\":\"https:\/\/www.asktraders.com\/de\/traden-lernen\/aktien\/vw-aktie\/#primaryimage\"},\"image\":{\"@id\":\"https:\/\/www.asktraders.com\/de\/traden-lernen\/aktien\/vw-aktie\/#primaryimage\"},\"thumbnailUrl\":\"https:\/\/www.asktraders.com\/wp-content\/uploads\/2023\/06\/vw-aktie-2.jpg\",\"datePublished\":\"2023-06-12T15:59:47+00:00\",\"dateModified\":\"2023-06-12T16:44:48+00:00\",\"description\":\"VW Aktie [yyyy] \u00bb H\u00f6here Ums\u00e4tze, aber niedrigere Gewinne \u271a Die meisten Analysten empfehlen einen Kauf \u27a4 Hier informieren!\",\"breadcrumb\":{\"@id\":\"https:\/\/www.asktraders.com\/de\/traden-lernen\/aktien\/vw-aktie\/#breadcrumb\"},\"inLanguage\":\"de-DE\",\"potentialAction\":[{\"@type\":\"ReadAction\",\"target\":[\"https:\/\/www.asktraders.com\/de\/traden-lernen\/aktien\/vw-aktie\/\"]}],\"accessibilityFeature\":[\"tableOfContents\"],\"author\":{\"url\":\"https:\/\/www.asktraders.com\/de\/author\/asktraders-team\/\"}},{\"@type\":\"ImageObject\",\"inLanguage\":\"de-DE\",\"@id\":\"https:\/\/www.asktraders.com\/de\/traden-lernen\/aktien\/vw-aktie\/#primaryimage\",\"url\":\"https:\/\/www.asktraders.com\/wp-content\/uploads\/2023\/06\/vw-aktie-2.jpg\",\"contentUrl\":\"https:\/\/www.asktraders.com\/wp-content\/uploads\/2023\/06\/vw-aktie-2.jpg\",\"width\":1003,\"height\":424,\"caption\":\"volkswagen aktie\"},{\"@type\":\"BreadcrumbList\",\"@id\":\"https:\/\/www.asktraders.com\/de\/traden-lernen\/aktien\/vw-aktie\/#breadcrumb\",\"itemListElement\":[{\"@type\":\"ListItem\",\"position\":1,\"name\":\"Home\",\"item\":\"https:\/\/www.asktraders.com\/de\/\"},{\"@type\":\"ListItem\",\"position\":2,\"name\":\"Traden Lernen\",\"item\":\"https:\/\/www.asktraders.com\/de\/traden-lernen\/\"},{\"@type\":\"ListItem\",\"position\":3,\"name\":\"Aktienhandel lernen\",\"item\":\"https:\/\/www.asktraders.com\/de\/traden-lernen\/aktien\/\"},{\"@type\":\"ListItem\",\"position\":4,\"name\":\"VW Aktie &#8211; lohnt sich ein Kauf?\"}]},{\"@type\":\"WebSite\",\"@id\":\"https:\/\/www.asktraders.com\/de\/#website\",\"url\":\"https:\/\/www.asktraders.com\/de\/\",\"name\":\"AskTraders\",\"description\":\"Guiding You To Trading Success\",\"publisher\":{\"@id\":\"https:\/\/www.asktraders.com\/de\/#organization\"},\"inLanguage\":\"de-DE\"},{\"@type\":\"Organization\",\"@id\":\"https:\/\/www.asktraders.com\/de\/#organization\",\"name\":\"AskTraders\",\"url\":\"https:\/\/www.asktraders.com\/de\/\",\"logo\":{\"@type\":\"ImageObject\",\"inLanguage\":\"de-DE\",\"@id\":\"https:\/\/www.asktraders.com\/de\/#\/schema\/logo\/image\/\",\"url\":\"https:\/\/www.asktraders.com\/wp-content\/uploads\/2019\/05\/asktraders-logo-tm-white.png\",\"contentUrl\":\"https:\/\/www.asktraders.com\/wp-content\/uploads\/2019\/05\/asktraders-logo-tm-white.png\",\"width\":232,\"height\":38,\"caption\":\"AskTraders\"},\"image\":{\"@id\":\"https:\/\/www.asktraders.com\/de\/#\/schema\/logo\/image\/\"},\"sameAs\":[\"https:\/\/www.facebook.com\/asktraderscom\",\"https:\/\/x.com\/Asktraders1\"]}]}<\/script>\n<!-- \/ Yoast SEO plugin. -->","yoast_head_json":{"title":"VW Aktie 2026: E-Mobilit\u00e4t treibt Kurs an","description":"VW Aktie 2026 \u00bb H\u00f6here Ums\u00e4tze, aber niedrigere Gewinne \u271a Die meisten Analysten empfehlen einen Kauf \u27a4 Hier informieren!","robots":{"index":"index","follow":"follow","max-snippet":"max-snippet:-1","max-image-preview":"max-image-preview:large","max-video-preview":"max-video-preview:-1"},"canonical":"https:\/\/www.asktraders.com\/de\/traden-lernen\/aktien\/vw-aktie\/","og_locale":"de_DE","og_type":"article","og_title":"VW Aktie 2026: E-Mobilit\u00e4t treibt Kurs an","og_description":"VW Aktie [yyyy] \u00bb H\u00f6here Ums\u00e4tze, aber niedrigere Gewinne \u271a Die meisten Analysten empfehlen einen Kauf \u27a4 Hier informieren!","og_url":"https:\/\/www.asktraders.com\/de\/traden-lernen\/aktien\/vw-aktie\/","og_site_name":"AskTraders.com","article_publisher":"https:\/\/www.facebook.com\/asktraderscom","article_modified_time":"2023-06-12T16:44:48+00:00","og_image":[{"width":1003,"height":424,"url":"https:\/\/www.asktraders.com\/wp-content\/uploads\/2023\/06\/vw-aktie-2.jpg","type":"image\/jpeg"}],"twitter_card":"summary_large_image","twitter_site":"@Asktraders1","twitter_misc":{"Gesch\u00e4tzte Lesezeit":"11 Minuten"},"schema":{"@context":"https:\/\/schema.org","@graph":[{"@type":"WebPage","@id":"https:\/\/www.asktraders.com\/de\/traden-lernen\/aktien\/vw-aktie\/","url":"https:\/\/www.asktraders.com\/de\/traden-lernen\/aktien\/vw-aktie\/","name":"VW Aktie [yyyy]: E-Mobilit\u00e4t treibt Kurs an","isPartOf":{"@id":"https:\/\/www.asktraders.com\/de\/#website"},"primaryImageOfPage":{"@id":"https:\/\/www.asktraders.com\/de\/traden-lernen\/aktien\/vw-aktie\/#primaryimage"},"image":{"@id":"https:\/\/www.asktraders.com\/de\/traden-lernen\/aktien\/vw-aktie\/#primaryimage"},"thumbnailUrl":"https:\/\/www.asktraders.com\/wp-content\/uploads\/2023\/06\/vw-aktie-2.jpg","datePublished":"2023-06-12T15:59:47+00:00","dateModified":"2023-06-12T16:44:48+00:00","description":"VW Aktie [yyyy] \u00bb H\u00f6here Ums\u00e4tze, aber niedrigere Gewinne \u271a Die meisten Analysten empfehlen einen Kauf \u27a4 Hier informieren!","breadcrumb":{"@id":"https:\/\/www.asktraders.com\/de\/traden-lernen\/aktien\/vw-aktie\/#breadcrumb"},"inLanguage":"de-DE","potentialAction":[{"@type":"ReadAction","target":["https:\/\/www.asktraders.com\/de\/traden-lernen\/aktien\/vw-aktie\/"]}],"accessibilityFeature":["tableOfContents"],"author":{"url":"https:\/\/www.asktraders.com\/de\/author\/asktraders-team\/"}},{"@type":"ImageObject","inLanguage":"de-DE","@id":"https:\/\/www.asktraders.com\/de\/traden-lernen\/aktien\/vw-aktie\/#primaryimage","url":"https:\/\/www.asktraders.com\/wp-content\/uploads\/2023\/06\/vw-aktie-2.jpg","contentUrl":"https:\/\/www.asktraders.com\/wp-content\/uploads\/2023\/06\/vw-aktie-2.jpg","width":1003,"height":424,"caption":"volkswagen aktie"},{"@type":"BreadcrumbList","@id":"https:\/\/www.asktraders.com\/de\/traden-lernen\/aktien\/vw-aktie\/#breadcrumb","itemListElement":[{"@type":"ListItem","position":1,"name":"Home","item":"https:\/\/www.asktraders.com\/de\/"},{"@type":"ListItem","position":2,"name":"Traden Lernen","item":"https:\/\/www.asktraders.com\/de\/traden-lernen\/"},{"@type":"ListItem","position":3,"name":"Aktienhandel lernen","item":"https:\/\/www.asktraders.com\/de\/traden-lernen\/aktien\/"},{"@type":"ListItem","position":4,"name":"VW Aktie &#8211; lohnt sich ein Kauf?"}]},{"@type":"WebSite","@id":"https:\/\/www.asktraders.com\/de\/#website","url":"https:\/\/www.asktraders.com\/de\/","name":"AskTraders","description":"Guiding You To Trading Success","publisher":{"@id":"https:\/\/www.asktraders.com\/de\/#organization"},"inLanguage":"de-DE"},{"@type":"Organization","@id":"https:\/\/www.asktraders.com\/de\/#organization","name":"AskTraders","url":"https:\/\/www.asktraders.com\/de\/","logo":{"@type":"ImageObject","inLanguage":"de-DE","@id":"https:\/\/www.asktraders.com\/de\/#\/schema\/logo\/image\/","url":"https:\/\/www.asktraders.com\/wp-content\/uploads\/2019\/05\/asktraders-logo-tm-white.png","contentUrl":"https:\/\/www.asktraders.com\/wp-content\/uploads\/2019\/05\/asktraders-logo-tm-white.png","width":232,"height":38,"caption":"AskTraders"},"image":{"@id":"https:\/\/www.asktraders.com\/de\/#\/schema\/logo\/image\/"},"sameAs":["https:\/\/www.facebook.com\/asktraderscom","https:\/\/x.com\/Asktraders1"]}]}},"_links":{"self":[{"href":"https:\/\/www.asktraders.com\/de\/wp-json\/wp\/v2\/learn_to_trade\/175237","targetHints":{"allow":["GET"]}}],"collection":[{"href":"https:\/\/www.asktraders.com\/de\/wp-json\/wp\/v2\/learn_to_trade"}],"about":[{"href":"https:\/\/www.asktraders.com\/de\/wp-json\/wp\/v2\/types\/learn_to_trade"}],"author":[{"embeddable":true,"href":"https:\/\/www.asktraders.com\/de\/wp-json\/wp\/v2\/users\/66"}],"replies":[{"embeddable":true,"href":"https:\/\/www.asktraders.com\/de\/wp-json\/wp\/v2\/comments?post=175237"}],"version-history":[{"count":0,"href":"https:\/\/www.asktraders.com\/de\/wp-json\/wp\/v2\/learn_to_trade\/175237\/revisions"}],"wp:featuredmedia":[{"embeddable":true,"href":"https:\/\/www.asktraders.com\/de\/wp-json\/wp\/v2\/media\/175258"}],"wp:attachment":[{"href":"https:\/\/www.asktraders.com\/de\/wp-json\/wp\/v2\/media?parent=175237"}],"wp:term":[{"taxonomy":"tradingcategory","embeddable":true,"href":"https:\/\/www.asktraders.com\/de\/wp-json\/wp\/v2\/tradingcategory?post=175237"}],"curies":[{"name":"wp","href":"https:\/\/api.w.org\/{rel}","templated":true}]}}