{"id":177146,"date":"2023-07-10T08:39:05","date_gmt":"2023-07-10T07:39:05","guid":{"rendered":"https:\/\/www.asktraders.com\/?post_type=learn_to_trade&#038;p=177146"},"modified":"2023-07-10T08:52:56","modified_gmt":"2023-07-10T07:52:56","slug":"adler-group-aktie","status":"publish","type":"learn_to_trade","link":"https:\/\/www.asktraders.com\/de\/traden-lernen\/aktien\/adler-group-aktie\/","title":{"rendered":"Adler Group Aktie &#8211; was passiert nach Razzia?"},"content":{"rendered":"\n<p>Die <strong>Adler Group S.A. ist ein Immobilienunternehmen aus Luxemburg<\/strong>, welches an der <a href=\"https:\/\/www.asktraders.com\/de\/traden-lernen\/trading-ratgeber\/wann-oeffnet-die-boerse\/\" target=\"_blank\" rel=\"noreferrer noopener\">B\u00f6rse <\/a>notiert ist. Zuvor firmierte das Unternehmen unter ADO Properties. Im Jahr 2020 fusionierte die ADO Properties mit Adler Real Estate und Consus Real Estate. Dadurch entstand ein Konzern mit einem Wert in H\u00f6he von 11,4 Milliarden EUR. Im Zuge der Positionierung erfolgte auch die Umbenennung in Adler Group.<\/p>\n\n\n\n<div class=\"wp-block-group main-cta is-layout-flow wp-block-group-is-layout-flow\" style=\"padding-top:10px;padding-right:10px;padding-bottom:10px;padding-left:10px\">\n<hr class=\"wp-block-separator has-text-color has-gray-color has-alpha-channel-opacity has-gray-background-color has-background is-style-wide\"\/>\n\n\n\n<div style=\"height:28px\" aria-hidden=\"true\" class=\"wp-block-spacer\"><\/div>\n\n\n\n<div class=\"wp-block-buttons is-content-justification-center is-layout-flex wp-container-core-buttons-is-layout-16018d1d wp-block-buttons-is-layout-flex\">\n<div class=\"wp-block-button has-custom-width wp-block-button__width-100 has-custom-font-size is-style-fill has-small-font-size\"><a class=\"wp-block-button__link has-green-background-color has-background wp-element-button\" href=\"https:\/\/www.asktraders.com\/de\/go\/native?placement=AT-DE-DE-stocks-NCTA-B1-NA-NA-NA\" style=\"border-radius:5px;padding-top:11px;padding-right:40px;padding-bottom:11px;padding-left:40px\" target=\"_blank\" rel=\"noreferrer noopener\">HIER die adler aktie kaufen<\/a><\/div>\n<\/div>\n\n\n\n<p class=\"has-text-align-center\">Ihr Kapital ist in Gefahr<\/p>\n\n\n\n<hr class=\"wp-block-separator has-text-color has-gray-color has-alpha-channel-opacity has-gray-background-color has-background is-style-wide\"\/>\n<\/div>\n\n\n<figure class=\"aligncenter wp-block-post-featured-image\"><img loading=\"lazy\" decoding=\"async\" width=\"1070\" height=\"724\" src=\"https:\/\/www.asktraders.com\/wp-content\/uploads\/2023\/07\/Adler-Group-Aktie.jpg\" class=\"attachment-post-thumbnail size-post-thumbnail wp-post-image\" alt=\"Adler Group Aktie\" style=\"object-fit:cover;\" srcset=\"https:\/\/www.asktraders.com\/wp-content\/uploads\/2023\/07\/Adler-Group-Aktie.jpg 1070w, https:\/\/www.asktraders.com\/wp-content\/uploads\/2023\/07\/Adler-Group-Aktie-333x225.jpg 333w, https:\/\/www.asktraders.com\/wp-content\/uploads\/2023\/07\/Adler-Group-Aktie-793x537.jpg 793w, https:\/\/www.asktraders.com\/wp-content\/uploads\/2023\/07\/Adler-Group-Aktie-768x520.jpg 768w\" sizes=\"auto, (max-width: 1070px) 100vw, 1070px\" \/><\/figure>\n\n\n<p class=\"has-text-align-center\"><em>Die Adler Group S.A. stammt aus Luxemburg\/ Bilderquelle: adler-group.com<\/em><\/p>\n\n\n\n<p>Der Konzern ist auf die Entwicklung, Verwaltung und Vermietung von Immobilien und Mietwohnungen spezialisiert. Die Immobilien befinden sich \u00fcberwiegend in Deutschland in verschiedenen Top St\u00e4dten. Im Oktober 2021 wurde das Unternehmen mit einer Leerverk\u00e4ufer Aff\u00e4re bekannt. Der ver\u00f6ffentlichte Jahresabschluss des Jahres 2021 war untestiert. Seit April 2022 befindet sich das Unternehmen in einer <strong>schweren Krise<\/strong>. Wir berichten, wie es um die Adler Real Estate Aktie nach der Razzia steht und welche Adler Group Aktie Prognose die Experten abgeben.<\/p>\n\n\n<div class=\"wp-block-notice has-background has-light-green-background-color py-2 px-[30px]\">\n\n    <div>\n        \n\n<h2 class=\"wp-block-heading\" class=\"wp-block-heading\" id=\"auf_den_punkt_gebracht\">? Auf den Punkt gebracht:<\/h2>\n\n\n\n<ul class=\"wp-block-list\">\n<li>Adler Group ISIN: LU1250154413<\/li>\n\n\n\n<li>Gesch\u00e4ftsgr\u00fcndung: 2006<\/li>\n\n\n\n<li>Unternehmenssitz: Luxemburg<\/li>\n\n\n\n<li>Umsatzerl\u00f6se: 798,75 Millionen EUR (Stand 2022)<\/li>\n\n\n\n<li>Umsatzver\u00e4nderung: -39,83 %<\/li>\n\n\n\n<li>Bruttoergebnis: -192,38 Millionen EUR<\/li>\n<\/ul>\n\n\n    <\/div>\n<\/div>\n\n\n\n<div class=\"wp-block-yoast-seo-table-of-contents yoast-table-of-contents\"><h2 id=\"table_of_contents\">Table of contents<\/h2><ul><li><a href=\"#Razzia\" data-level=\"2\">Adler Group Aktie News: Die Folgen f\u00fcr die Adler Group Aktie nach der Razzia<\/a><\/li><li><a href=\"#Group\" data-level=\"2\">Die Anteilseigner der Aktie Adler Group<\/a><\/li><li><a href=\"#Umsatzes\" data-level=\"2\">Adler Group Aktie Prognose: die Entwicklung des Umsatzes<\/a><\/li><li><a href=\"#Sicht\" data-level=\"2\">Adler Group Aktie Dividende: keine Steigerung in Sicht<\/a><\/li><li><a href=\"#Group-S.-A.\" data-level=\"2\">Beschuldigungen gegen die Adler Group S. A.<\/a><\/li><li><a href=\"#gefunden\" data-level=\"2\">Im Jahresabschluss hatte die BaFin mehrere gravierende Fehler gefunden<\/a><\/li><li><a href=\"#Group-Aktie\" data-level=\"2\">Zusammenfassung Adler Group Aktie<\/a><\/li><\/ul><\/div>\n\n\n\n<div class=\"wp-block-group main-cta is-layout-flow wp-block-group-is-layout-flow\" style=\"padding-top:10px;padding-right:10px;padding-bottom:10px;padding-left:10px\">\n<hr class=\"wp-block-separator has-text-color has-gray-color has-alpha-channel-opacity has-gray-background-color has-background is-style-wide\"\/>\n\n\n\n<div style=\"height:28px\" aria-hidden=\"true\" class=\"wp-block-spacer\"><\/div>\n\n\n\n<div class=\"wp-block-buttons is-content-justification-center is-layout-flex wp-container-core-buttons-is-layout-16018d1d wp-block-buttons-is-layout-flex\">\n<div class=\"wp-block-button has-custom-width wp-block-button__width-100 has-custom-font-size is-style-fill has-small-font-size\"><a class=\"wp-block-button__link has-green-background-color has-background wp-element-button\" href=\"https:\/\/www.asktraders.com\/de\/go\/native?placement=AT-DE-DE-stocks-NCTA-B1-NA-NA-NA\" style=\"border-radius:5px;padding-top:11px;padding-right:40px;padding-bottom:11px;padding-left:40px\" target=\"_blank\" rel=\"noreferrer noopener\">HIER die adler aktie kaufen<\/a><\/div>\n<\/div>\n\n\n\n<p class=\"has-text-align-center\">Ihr Kapital ist in Gefahr<\/p>\n\n\n\n<hr class=\"wp-block-separator has-text-color has-gray-color has-alpha-channel-opacity has-gray-background-color has-background is-style-wide\"\/>\n<\/div>\n\n\n\n<h2 class=\"wp-block-heading\"  class=\"wp-block-heading\"  id=\"adler_group_aktie_news_die_folgen_fuer_die_adler_group_aktie_nach_der_razzia\">Adler Group Aktie News: Die Folgen f\u00fcr die Adler Group Aktie nach der Razzia<\/h2>\n\n\n\n<p>Nachdem bekannt wurde, dass bei der Adler Gruppe eine Gro\u00dfrazzia stattgefunden hat, ist die Adler Aktie zeitweise um <strong>fast sieben Prozent eingebrochen<\/strong> und erreichte einen Kurs von acht Euro. Die Staatsanwaltschaft Frankfurt hat mit dem BKA bei der Tochtergesellschaft die B\u00fcror\u00e4ume durchsucht. Im Raum stehen schwere Vorw\u00fcrfe, wie zum Beispiel Untreue, Marktmanipulation und Falschbilanzierung. Diese Anschuldigungen sind schwerwiegend.<\/p>\n\n\n\n<ul class=\"wp-block-list\">\n<li>Etwa 175 Beamte des BKA und der Staatsanwaltschaft hatten zahlreiche Gesch\u00e4ftsr\u00e4ume des Immobilienunternehmens untersucht. Es wurde mitgeteilt, dass 21 Objekte betroffen sein, wie beispielsweise B\u00fcros in K\u00f6ln, Berlin, Erftstadt, D\u00fcsseldorf und in Gro\u00dfbritannien, \u00d6sterreich, den Niederlanden, Portugal, Luxemburg und Monaco.<\/li>\n\n\n\n<li>Somit handelt es sich hierbei um einen gro\u00df angelegten Einsatz um aufzudecken, ob die Vorw\u00fcrfe rechtm\u00e4\u00dfig sind.<\/li>\n<\/ul>\n\n\n\n<figure class=\"wp-block-image aligncenter size-full\"><img loading=\"lazy\" decoding=\"async\" width=\"883\" height=\"433\" src=\"https:\/\/www.asktraders.com\/wp-content\/uploads\/2023\/07\/adler-aktie.jpg\" alt=\"adler aktieadler aktie\" class=\"wp-image-177151\" srcset=\"https:\/\/www.asktraders.com\/wp-content\/uploads\/2023\/07\/adler-aktie.jpg 883w, https:\/\/www.asktraders.com\/wp-content\/uploads\/2023\/07\/adler-aktie-333x163.jpg 333w, https:\/\/www.asktraders.com\/wp-content\/uploads\/2023\/07\/adler-aktie-793x389.jpg 793w, https:\/\/www.asktraders.com\/wp-content\/uploads\/2023\/07\/adler-aktie-768x377.jpg 768w\" sizes=\"auto, (max-width: 883px) 100vw, 883px\" \/><figcaption class=\"wp-element-caption\"><em>Das ist der Unternehmensvorstand der Adler Group\/ Bilderquelle: adler-group.com<\/em><\/figcaption><\/figure>\n\n\n\n<ul class=\"wp-block-list\">\n<li>Unter Verdacht stehen Gesch\u00e4ftsvorf\u00e4lle von 2019-2020. Bei den beschuldigten Person handelt es sich um ehemalige Vorst\u00e4nde aus Gro\u00dfbritannien, \u00d6sterreich und Deutschland. Ihnen wird zur Last gelegt, Bilanzen entweder gef\u00e4lscht oder Beihilfe geleistet zu haben.<\/li>\n\n\n\n<li>Gleichzeitig sollen die Vorst\u00e4nde im Namen des Unternehmens Vertr\u00e4ge mit Beratern abgeschlossen und hierf\u00fcr Zahlungen angewiesen haben. Daf\u00fcr soll es aber tats\u00e4chlich gar keine Gegenleistung gegeben haben, wodurch von Adler Gelder veruntreut wurden.<\/li>\n\n\n\n<li>Au\u00dferdem besteht der Verdacht, dass Gef\u00e4lligkeitsangebote oder Scheingesch\u00e4fte vorgenommen worden seien. Damit soll der Wert eines Projektes angehoben werden, wodurch es Fehler in der Ermittlung des Marktpreises gab.<\/li>\n<\/ul>\n\n\n\n<h2 class=\"wp-block-heading\"  class=\"wp-block-heading\"  id=\"die_anteilseigner_der_aktie_adler_group\">Die Anteilseigner der Aktie Adler Group<\/h2>\n\n\n\n<p>Wer \u00fcberlegt, die Adler Group Aktie kaufen oder nicht, sollte auch einen Blick auf die anderen Anteilseigner werfen. Sind hier beispielsweise einige bekannte Investoren zu finden, wie beispielsweise <strong>gr\u00f6\u00dfere Verm\u00f6gensverwaltungsgesellschaften<\/strong>, kann es ratsam sein, die Adler Immobilien Aktie zu kaufen. Wir haben die Investoren, die ebenfalls Adler Group Aktien besitzen, nachfolgend aufgelistet anhand der prozentualen Anteile:<\/p>\n\n\n<div class=\"wp-block-notice has-background has-light-green-background-color py-2 px-[30px]\">\n\n    <div>\n        \n\n<p>? 15,9 % <a href=\"https:\/\/www.asktraders.com\/de\/traden-lernen\/aktien\/vonovia-aktie\/\" target=\"_blank\" rel=\"noreferrer noopener\">Vonovia <\/a>SE<br>? 4,35 % G\u00fcnther Walcher<br>? 3,87 % Gerda Caner<br>? 2,97 %Taconic Capital Advisors LP<br>? 1,28 %Norges Bank Investment Management<br>? 0,93 % BlackRock Advisors (UK) Ltd.<br>? 0,92 % FIL Investment Advisors (UK) Ltd.<br>? 0,88 % Union Investment Privatfonds GmbH<br>? 0,71 % BlackRock Fund Advisors<br>? 0,66 % Fj\u00e4rde AP-fonden<\/p>\n\n\n    <\/div>\n<\/div>\n\n\n\n<div class=\"wp-block-group main-cta is-layout-flow wp-block-group-is-layout-flow\" style=\"padding-top:10px;padding-right:10px;padding-bottom:10px;padding-left:10px\">\n<hr class=\"wp-block-separator has-text-color has-gray-color has-alpha-channel-opacity has-gray-background-color has-background is-style-wide\"\/>\n\n\n\n<div style=\"height:28px\" aria-hidden=\"true\" class=\"wp-block-spacer\"><\/div>\n\n\n\n<div class=\"wp-block-buttons is-content-justification-center is-layout-flex wp-container-core-buttons-is-layout-16018d1d wp-block-buttons-is-layout-flex\">\n<div class=\"wp-block-button has-custom-width wp-block-button__width-100 has-custom-font-size is-style-fill has-small-font-size\"><a class=\"wp-block-button__link has-green-background-color has-background wp-element-button\" href=\"https:\/\/www.asktraders.com\/de\/go\/native?placement=AT-DE-DE-stocks-NCTA-B1-NA-NA-NA\" style=\"border-radius:5px;padding-top:11px;padding-right:40px;padding-bottom:11px;padding-left:40px\" target=\"_blank\" rel=\"noreferrer noopener\">HIER die adler aktie kaufen<\/a><\/div>\n<\/div>\n\n\n\n<p class=\"has-text-align-center\">Ihr Kapital ist in Gefahr<\/p>\n\n\n\n<hr class=\"wp-block-separator has-text-color has-gray-color has-alpha-channel-opacity has-gray-background-color has-background is-style-wide\"\/>\n<\/div>\n\n\n\n<h2 class=\"wp-block-heading\"  class=\"wp-block-heading\"  id=\"adler_group_aktie_prognose_die_entwicklung_des_umsatzes\">Adler Group Aktie Prognose: die Entwicklung des Umsatzes<\/h2>\n\n\n\n<p>Erneut musste die Adler Gruppe Verluste von mehreren Milliarden Euro in ihrer Bilanz 2022 ausweisen. F\u00fcr den angeschlagenen Konzern war das vorangegangene Jahr ein Milliardenverlust. Trotzdem ist das Management weiterhin versucht, das Unternehmen zu sanieren. Wegen der Abwertung des Immobilienportfolios stand zum Schluss ein <strong>Fehlbetrag in H\u00f6he von 1,7 Milliarden EUR.<\/strong> Im Jahr zuvor musste das Luxemburger Unternehmen bereits einen Verlust in H\u00f6he von 1,2 Milliarden EUR ausweisen.<\/p>\n\n\n\n<p>2021 hatte das Unternehmen ebenfalls einen Verlust verbuchen m\u00fcssen in H\u00f6he von 1,2 Milliarden EUR. Nach eigenen Bewertungen durch einen Gutachter hat sich der Wert des Vermietungsportfolios zum letzten Monat des Jahres 2022 auf 5,2 Milliarden EUR eingependelt und lag damit lediglich <strong>1,9 % unter den Zahlen der Vorjahre<\/strong>. Da der Konzern bislang noch keinen Abschlusspr\u00fcfer gefunden hat, sind die Zahlen untestiert.<\/p>\n\n\n\n<p>In den vorangegangenen Jahren war die <strong>Wirtschaftspr\u00fcfungsgesellschaft KPMG<\/strong> mit den Abschl\u00fcssen betraut. Allerdings verweigerte der Wirtschaftspr\u00fcfer f\u00fcr das Jahr 2021 das Testat und beendete das Mandat wegen unterschiedlicher Meinungen und Auffassungen. Das Unternehmen R\u00f6dl &amp; Partner wurde danach mit der Pr\u00fcfung der deutschen Tochter beauftragt.<\/p>\n\n\n\n<figure class=\"wp-block-image aligncenter size-full\"><img loading=\"lazy\" decoding=\"async\" width=\"822\" height=\"556\" src=\"https:\/\/www.asktraders.com\/wp-content\/uploads\/2023\/07\/adler-immobilien-aktie.jpg\" alt=\"adler immobilien aktie\" class=\"wp-image-177153\" srcset=\"https:\/\/www.asktraders.com\/wp-content\/uploads\/2023\/07\/adler-immobilien-aktie.jpg 822w, https:\/\/www.asktraders.com\/wp-content\/uploads\/2023\/07\/adler-immobilien-aktie-333x225.jpg 333w, https:\/\/www.asktraders.com\/wp-content\/uploads\/2023\/07\/adler-immobilien-aktie-793x536.jpg 793w, https:\/\/www.asktraders.com\/wp-content\/uploads\/2023\/07\/adler-immobilien-aktie-768x519.jpg 768w\" sizes=\"auto, (max-width: 822px) 100vw, 822px\" \/><figcaption class=\"wp-element-caption\"><em>Die Adler Group muss herbe Verluste in Kauf nehmen\/ Bilderquelle: adler-group.com<\/em><\/figcaption><\/figure>\n\n\n\n<p>Allerdings musste f\u00fcr den Konzernsitz in Luxemburg ein Pr\u00fcfer gefunden werden. Die Adler Group h\u00e4lt sich seit Mitte April an einen <strong>Restrukturierungsplan<\/strong>, der im November des Vorjahres auf eine Einigung mit Gl\u00e4ubigern beruht. Dagegen hatten andere Gl\u00e4ubiger vor dem Londoner Gericht einen Widerspruch eingelegt, der vom Gericht best\u00e4tigt wurde.<\/p>\n\n\n\n<ul class=\"wp-block-list\">\n<li>Die Bilanzsumme der Adler Gruppe belief sich f\u00fcr das Gesch\u00e4ftsjahr 2022 auf etwa 9,7 Milliarden EUR.<\/li>\n\n\n\n<li>Damit ist die Bilanzsumme im Vergleich zum Vorjahr um 25,5 % gesunken.<\/li>\n\n\n\n<li>Zu einem immensen Anstieg kam es zwischen 2019 und 2020, also zu der Zeit, in der mit der ADO Properties fusioniert wurde und der \u00dcbernahme der Consus Real Estate.<\/li>\n\n\n\n<li>Der Finanzvorstand sieht vor, dass die Schulden von mehreren Milliarden EUR ohne Zerschlagung abbezahlt werden.<\/li>\n\n\n\n<li>Hierf\u00fcr ist es erforderlich, dass das Unternehmen Immobilien verkauft.<\/li>\n\n\n\n<li>F\u00fcr das operative Gesch\u00e4ft habe das Unternehmen gem\u00e4\u00df dem Management seine Planzahlen 2022 erreicht.<\/li>\n\n\n\n<li>Nach den Verk\u00e4ufen von Immobilien ist das operative Ergebnis von 137,1 Millionen EUR auf 86,8 Millionen EUR geschrumpft.<\/li>\n\n\n\n<li>Die netto Mietertr\u00e4ge sind von ehemals 346 Millionen EUR auf 244,5 Millionen EUR gesunken.<\/li>\n\n\n\n<li>Die Nettomietertr\u00e4ge sind im laufenden Jahr von 207 Millionen EUR auf 219 Millionen EUR zur\u00fcckgegangen.<\/li>\n<\/ul>\n\n\n\n<div class=\"wp-block-group main-cta is-layout-flow wp-block-group-is-layout-flow\" style=\"padding-top:10px;padding-right:10px;padding-bottom:10px;padding-left:10px\">\n<hr class=\"wp-block-separator has-text-color has-gray-color has-alpha-channel-opacity has-gray-background-color has-background is-style-wide\"\/>\n\n\n\n<div style=\"height:28px\" aria-hidden=\"true\" class=\"wp-block-spacer\"><\/div>\n\n\n\n<div class=\"wp-block-buttons is-content-justification-center is-layout-flex wp-container-core-buttons-is-layout-16018d1d wp-block-buttons-is-layout-flex\">\n<div class=\"wp-block-button has-custom-width wp-block-button__width-100 has-custom-font-size is-style-fill has-small-font-size\"><a class=\"wp-block-button__link has-green-background-color has-background wp-element-button\" href=\"https:\/\/www.asktraders.com\/de\/go\/native?placement=AT-DE-DE-stocks-NCTA-B1-NA-NA-NA\" style=\"border-radius:5px;padding-top:11px;padding-right:40px;padding-bottom:11px;padding-left:40px\" target=\"_blank\" rel=\"noreferrer noopener\">HIER die adler aktie kaufen<\/a><\/div>\n<\/div>\n\n\n\n<p class=\"has-text-align-center\">Ihr Kapital ist in Gefahr<\/p>\n\n\n\n<hr class=\"wp-block-separator has-text-color has-gray-color has-alpha-channel-opacity has-gray-background-color has-background is-style-wide\"\/>\n<\/div>\n\n\n\n<h2 class=\"wp-block-heading\"  class=\"wp-block-heading\"  id=\"adler_group_aktie_dividende_keine_steigerung_in_sicht\">Adler Group Aktie Dividende: keine Steigerung in Sicht<\/h2>\n\n\n\n<p>F\u00fcr viele Anleger ist die Dividende ein ausschlaggebender Grund f\u00fcr den<a href=\"https:\/\/www.asktraders.com\/de\/traden-lernen\/trading-ratgeber\/aktien-order\/\" target=\"_blank\" rel=\"noreferrer noopener\"> Kauf eines Papieres<\/a>. In den letzten Jahren ist die Dividende allerdings gesunken. Am 1. Juli 2021 gab es eine <strong>Adler Group Aktie Dividende von 0,46 EUR<\/strong>, im Vorjahr waren es noch 0,66 EUR. Die Dividenden Steigerung liegt dementsprechend bei null Jahre und daher handelt es sich auch gleichzeitig um einen unzuverl\u00e4ssigen Zahler von <a href=\"https:\/\/www.asktraders.com\/de\/traden-lernen\/aktien\/sichere-aktien-mit-hoher-dividende\/\" target=\"_blank\" rel=\"noreferrer noopener\">Dividenden<\/a>.<\/p>\n\n\n\n<div class=\"wp-block-columns is-layout-flex wp-container-core-columns-is-layout-9d6595d7 wp-block-columns-is-layout-flex\">\n<div class=\"wp-block-column is-layout-flow wp-block-column-is-layout-flow\" style=\"flex-basis:100%\">\n<div class=\"wp-block-columns is-layout-flex wp-container-core-columns-is-layout-9d6595d7 wp-block-columns-is-layout-flex\">\n<div class=\"wp-block-column is-layout-flow wp-block-column-is-layout-flow\" style=\"flex-basis:100%\">\n<figure class=\"wp-block-table is-style-stripes\"><table><tbody><tr><td><strong>Ex-Datum<\/strong><\/td><td>Zahltag<\/td><td><strong>Betrag in EUR<\/strong><\/td><\/tr><tr><td>28.06.21<\/td><td>01.07.21<\/td><td>0,46<\/td><\/tr><tr><td>19.06.19<\/td><td>21.06.19<\/td><td>0,66<\/td><\/tr><tr><td>18.06.18<\/td><td>20.06.18<\/td><td>0,53<\/td><\/tr><tr><td>04.05.17<\/td><td>05.05.17<\/td><td>0,39<\/td><\/tr><tr><td>04.05.16<\/td><td>06.05.16<\/td><td>0,31<\/td><\/tr><\/tbody><\/table><\/figure>\n<\/div>\n<\/div>\n<\/div>\n<\/div>\n\n\n\n<h2 class=\"wp-block-heading\"  class=\"wp-block-heading\"  id=\"beschuldigungen_gegen_die_adler_group_s_a\">Beschuldigungen gegen die Adler Group S. A.<\/h2>\n\n\n\n<p>Ein britischer Shortseller, die Fraser Perring, warf im Oktober 2021 gem\u00e4\u00df eines Berichts aus dem Internet dem Immobilienkonzern Adler T\u00e4uschung seiner <strong>Geldgeber, Betrug und Manipulation<\/strong> vor. Es sei Ziel des Leerverk\u00e4ufers gewesen, durch Wetten am Finanzmarkt an dem Preisverfall der Adler Group Aktie zu verdienen. Die Vorw\u00fcrfe konnten sich von dem Wirtschaftspr\u00fcfer KPMG, der eigens hierf\u00fcr mit einer Sonderuntersuchung beauftragt wurde, nicht widerlegt werden.<\/p>\n\n\n\n<figure class=\"wp-block-image aligncenter size-large\"><img loading=\"lazy\" decoding=\"async\" width=\"793\" height=\"540\" src=\"https:\/\/www.asktraders.com\/wp-content\/uploads\/2023\/07\/adler-real-estate-aktie-793x540.jpg\" alt=\"adler real estate aktie\" class=\"wp-image-177152\" srcset=\"https:\/\/www.asktraders.com\/wp-content\/uploads\/2023\/07\/adler-real-estate-aktie-793x540.jpg 793w, https:\/\/www.asktraders.com\/wp-content\/uploads\/2023\/07\/adler-real-estate-aktie-333x227.jpg 333w, https:\/\/www.asktraders.com\/wp-content\/uploads\/2023\/07\/adler-real-estate-aktie-768x523.jpg 768w, https:\/\/www.asktraders.com\/wp-content\/uploads\/2023\/07\/adler-real-estate-aktie.jpg 812w\" sizes=\"auto, (max-width: 793px) 100vw, 793px\" \/><figcaption class=\"wp-element-caption\"><em>Die Adler Group hat fr\u00fcher auch Autos produziert\/ Bilderquelle: adler-group.com<\/em><\/figcaption><\/figure>\n\n\n\n<p>Die KPMG k\u00fcndigte Ende 2022 an, einen <strong>Versagungsvermerk nach Beendigung der Abschlusspr\u00fcfung<\/strong> f\u00fcr den Einzelabschluss und den Konzernabschluss 2021 zu erteilen. Denn das Unternehmen sei nicht in der Lage, ein Pr\u00fcfungsurteil abzugeben. Dies wurde damit begr\u00fcndet, dass dem Wirtschaftspr\u00fcfer vom Management der <strong>Zugang zu bestimmten Informationen verweigert<\/strong> wurde. Der Wirtschaftspr\u00fcfer gab an, dass es keine ausreichenden Nachweise geben w\u00fcrde, um die Offenlegung und Identifizierung von verbundenen Parteien und von verschiedenen Transaktionen und Kontosalden zu beweisen.<\/p>\n\n\n\n<p>Daraufhin bot Ende April 2022 der komplette Verwaltungsrat kollektiv seinen <strong>sofortigen R\u00fccktritt<\/strong> an. Von den Vorsitzenden wurden vier R\u00fccktritte angenommen. Der ver\u00f6ffentlichte Jahresabschluss ist dementsprechend nicht attestiert und ihm wurde ein operativer Gewinn f\u00fcr 2021 zugrunde gelegt. Unter dem Strich kam ein Verlust von etwa 1,2 Milliarden EUR zutage. Diese beruhten beispielsweise auf Abschreibungen des Immobilienunternehmens Consus. Im Vorjahr konnte das Unternehmen noch einen Gewinn in H\u00f6he von 191 Millionen EUR verk\u00fcnden.<\/p>\n\n\n\n<h2 class=\"wp-block-heading\" class=\"wp-block-heading\" id=\"aktueller_adler_group_aktienkurs\">Aktueller Adler Group Aktienkurs<\/h2>\n\n\n\n<stock-market-widget type=\"chart\" template=\"basic\" color=\"#15C67F\" assets=\"ADJ.DE\" range=\"1y\" interval=\"1mo\" axes=\"true\" cursor=\"true\" range_selector=\"true\" display_currency_symbol=\"true\" api=\"yf\"><\/stock-market-widget>\n\n\n\n<p>Der Kurs der Adler Group Aktie fiel am Tag der Verweigerung des Attests der KPMG am 2. Mai auf ein <strong>Rekordtief in H\u00f6he von 3,88 EUR<\/strong>. Gerechnet von Ende April an betrug der Kurseinbruch bis Anfang Mai 72 %. Der Aktienanalyst Andr\u00e9 Rain k\u00fcndigte Ende August 2022 keinen Anstieg der Adler Group Aktie von mehr als zehn Euro an. Die <strong>Schulden der Gruppe lagen im Juni 2022 bei rund 7,2 Milliarden EUR<\/strong>. Mit verschiedenen Gl\u00e4ubigern wurde der Verkauf von zahlreichen Mietwohnungen avisiert. Mit dem Erl\u00f6s sollen Schulden abgebaut werden. Damit es aber gleichzeitig auch der Wohnungsbestand erheblich gesunken, Ende Juni 2022 werden nur noch 26.000 Wohnungen im Bestand vorhanden sein.<\/p>\n\n\n\n<p>Probleme bereitet auch die Tatsache, dass es bis Ende August dem Unternehmen nicht gelungen ist, f\u00fcr die Bilanzpr\u00fcfung einen Wirtschaftspr\u00fcfer zu bestellen. Auch f\u00fcr die Vorjahre gibt es Zweifel an den Bilanzen. Schlie\u00dflich ist das Immobilienunternehmen ziemlich verschachtelt, daher w\u00fcrde sich kein Wirtschaftspr\u00fcfer trauen, den Auftrag anzunehmen. Angeblich w\u00fcrde sich kein Wirtschaftspr\u00fcfer deshalb finden, weil die Gruppe am 7. Oktober 2022 ein Gerichtsverfahren angestrebt hatte, das gegen die Mehrheitsaktion\u00e4re der Adler Gruppe ging.<\/p>\n\n\n\n<p>Eine Gruppe von Inhabern der Adler Aktien hatten ein Gerichtsverfahren angestrebt, um den geplanten Abbau aller Wohnungen zu verhindern. Der Adler Group Aktie Kurs erreichte daraufhin seinen <strong>Tiefstand am 14. Oktober 2022 von 1,32 EUR<\/strong>.<\/p>\n\n\n\n<div class=\"wp-block-group main-cta is-layout-flow wp-block-group-is-layout-flow\" style=\"padding-top:10px;padding-right:10px;padding-bottom:10px;padding-left:10px\">\n<hr class=\"wp-block-separator has-text-color has-gray-color has-alpha-channel-opacity has-gray-background-color has-background is-style-wide\"\/>\n\n\n\n<div style=\"height:28px\" aria-hidden=\"true\" class=\"wp-block-spacer\"><\/div>\n\n\n\n<div class=\"wp-block-buttons is-content-justification-center is-layout-flex wp-container-core-buttons-is-layout-16018d1d wp-block-buttons-is-layout-flex\">\n<div class=\"wp-block-button has-custom-width wp-block-button__width-100 has-custom-font-size is-style-fill has-small-font-size\"><a class=\"wp-block-button__link has-green-background-color has-background wp-element-button\" href=\"https:\/\/www.asktraders.com\/de\/go\/native?placement=AT-DE-DE-stocks-NCTA-B1-NA-NA-NA\" style=\"border-radius:5px;padding-top:11px;padding-right:40px;padding-bottom:11px;padding-left:40px\" target=\"_blank\" rel=\"noreferrer noopener\">HIER die adler aktie kaufen<\/a><\/div>\n<\/div>\n\n\n\n<p class=\"has-text-align-center\">Ihr Kapital ist in Gefahr<\/p>\n\n\n\n<hr class=\"wp-block-separator has-text-color has-gray-color has-alpha-channel-opacity has-gray-background-color has-background is-style-wide\"\/>\n<\/div>\n\n\n\n<h2 class=\"wp-block-heading\"  class=\"wp-block-heading\"  id=\"im_jahresabschluss_hatte_die_bafin_mehrere_gravierende_fehler_gefunden\">Im Jahresabschluss hatte die BaFin mehrere gravierende Fehler gefunden<\/h2>\n\n\n\n<p>Die deutsche Finanzaufsicht BaFin teilte am 17. November 2022 mit, dass der Abschluss aus dem Jahr 2019 <strong>drei Rechnungslegungsfehler<\/strong> besitzen w\u00fcrde. Die Tochter der Adler Gruppe, die Adler Real Estate, hat zum Beispiel eine Konsolidierung mit einem Unternehmen vorgenommen, zudem sie nicht berechtigt gewesen sei. Dabei handelt es sich um das angeschlossene Unternehmen Ado Properties, wodurch die Bilanzsumme des Konzerns um 3,9 Milliarden EUR zu hoch und das <strong>Betriebsergebnis um 543 Millionen EUR zu hoch in der Bilanz<\/strong> ausgewiesen worden sei.<\/p>\n\n\n\n<p>Daraufhin <strong>durchsuchten am 28. Juni 2023 175 Beamte des Bundeskriminalamts<\/strong> und der Staatsanwaltschaft Frankfurt in Europa mehrere B\u00fcros des Konzerns. Unter den 21 Objekten waren aber auch eine Rechtsanwaltskanzlei und Wohnungen enthalten. Der Vorwurf der Beh\u00f6rden lautete auf Bilanzf\u00e4lschung, Marktmanipulation und Untreue. Der Immobilienberater Cevdet Caner und seine Ehefrau galt dabei als Strippenzieher. Mitbeteiligt waren auch der Schwager Josef Schrattbauer. Seit M\u00e4rz 2023 liegt konstant der Wert der Adler Group Aktie unter 1,00 EUR. Am 26. Juni 2023 notierte der Kurs bei 0,47 EUR.<\/p>\n\n\n\n<figure class=\"wp-block-image aligncenter size-full\"><img loading=\"lazy\" decoding=\"async\" width=\"814\" height=\"608\" src=\"https:\/\/www.asktraders.com\/wp-content\/uploads\/2023\/07\/aktie-adler-group.jpg\" alt=\"aktie adler group\" class=\"wp-image-177149\" srcset=\"https:\/\/www.asktraders.com\/wp-content\/uploads\/2023\/07\/aktie-adler-group.jpg 814w, https:\/\/www.asktraders.com\/wp-content\/uploads\/2023\/07\/aktie-adler-group-333x249.jpg 333w, https:\/\/www.asktraders.com\/wp-content\/uploads\/2023\/07\/aktie-adler-group-793x592.jpg 793w, https:\/\/www.asktraders.com\/wp-content\/uploads\/2023\/07\/aktie-adler-group-768x574.jpg 768w\" sizes=\"auto, (max-width: 814px) 100vw, 814px\" \/><figcaption class=\"wp-element-caption\"><em>Die Adler Group besitzt auch viele Immobilien in Deutschland Bilderquelle: adler-group.com<\/em><\/figcaption><\/figure>\n\n\n\n<h2 class=\"wp-block-heading\"  class=\"wp-block-heading\"  id=\"zusammenfassung_adler_group_aktie\">Zusammenfassung Adler Group Aktie<\/h2>\n\n\n\n<p>Die Adler Group entstand 2020 aus einer Fusion von Adler Real Estate mit ADO Properties und Consus Real Estate. Der Gesch\u00e4ftssitz befindet sich in Luxemburg und die Unternehmensgruppe ist spezialisiert auf die Entwicklung von Immobilien, der Verwaltung und Vermietung von Wohnungen. Im Bestandsportfolio befinden sich Immobilien, die sich in Deutschland in den sieben Topst\u00e4dten befinden. Seit Herbst 2021 befindet sich die Adler Group Aktie in einer schweren Krise aufgrund einer <strong>Shortseller Attacke<\/strong>.<\/p>\n\n\n\n<p>Wer die Adler Group Aktie kaufen m\u00f6chte, sollte sich mit den Risiken auseinandersetzen, denn der Kurs ist seit 2022 enorm eingebrochen. Handeln l\u00e4sst sich die Aktie wie \u00fcblich bei den <a href=\"https:\/\/www.asktraders.com\/de\/broker\/aktien\/\" target=\"_blank\" rel=\"noreferrer noopener\">Brokern<\/a>, die wir in unserem Vergleich getestet haben.<\/p>\n\n\n<aside class=\"wp-block-related-posts  \" >\n                    \n\n<h2 class=\"wp-block-heading\" class=\"wp-block-heading\" id=\"leser_interessieren_sich_auch_fuer\">Leser interessieren sich auch f\u00fcr:<\/h2>\n\n\n        <ul class=\"grid grid-cols-1 md:grid-cols-2 gap-4 lg:grid-cols-1\">\n                            <li class=\"w-full p-3 rounded-lg shadow md:w-full\">\n                    <a href=\"https:\/\/www.asktraders.com\/de\/traden-lernen\/aktien\/aktien-online-kaufen\/\" class=\"flex\">\n                        <img loading=\"lazy\" decoding=\"async\" width=\"150\" height=\"150\" src=\"https:\/\/www.asktraders.com\/wp-content\/uploads\/2020\/09\/Aktien-online-kaufen-150x150.jpg\" class=\"w-1\/3 rounded object-cover  wp-post-image\" alt=\"Aktien online kaufen\" \/>\n                        <div class=\"flex flex-col w-2\/3 pl-3\">\n                                                        <span\n                                class=\"block py-1 grow text-sm font-bold \">Aktien Online kaufen: Die besten Tipps zum Handel mit Aktien<\/span>\n                                                            <span class=\"text-xs uppercase\">\n                                    Christian Habeck\n                                <\/span>\n                                                    <\/div>\n                    <\/a>\n                <\/li>\n                            <li class=\"w-full p-3 rounded-lg shadow md:w-full\">\n                    <a href=\"https:\/\/www.asktraders.com\/de\/traden-lernen\/technische-analyse\/chart-technische-analyse\/\" class=\"flex\">\n                        <img loading=\"lazy\" decoding=\"async\" width=\"150\" height=\"150\" src=\"https:\/\/www.asktraders.com\/wp-content\/uploads\/2019\/10\/shutterstock_599600603-150x150.jpg\" class=\"w-1\/3 rounded object-cover  wp-post-image\" alt=\"CFD-Brokers\" srcset=\"https:\/\/www.asktraders.com\/wp-content\/uploads\/2019\/10\/shutterstock_599600603-150x150.jpg 150w, https:\/\/www.asktraders.com\/wp-content\/uploads\/2019\/10\/shutterstock_599600603-100x100.jpg 100w, https:\/\/www.asktraders.com\/wp-content\/uploads\/2019\/10\/shutterstock_599600603-64x64.jpg 64w, https:\/\/www.asktraders.com\/wp-content\/uploads\/2019\/10\/shutterstock_599600603-26x26.jpg 26w\" sizes=\"auto, (max-width: 150px) 100vw, 150px\" \/>\n                        <div class=\"flex flex-col w-2\/3 pl-3\">\n                                                        <span\n                                class=\"block py-1 grow text-sm font-bold \">(Chart-) technische Analyse<\/span>\n                                                            <span class=\"text-xs uppercase\">\n                                    Analyst Team\n                                <\/span>\n                                                    <\/div>\n                    <\/a>\n                <\/li>\n                            <li class=\"w-full p-3 rounded-lg shadow md:w-full\">\n                    <a href=\"https:\/\/www.asktraders.com\/de\/traden-lernen\/trading-ratgeber\/tipps-um-beim-trading-den-fokus-zu-bewahren\/\" class=\"flex\">\n                        <img loading=\"lazy\" decoding=\"async\" width=\"150\" height=\"150\" src=\"https:\/\/www.asktraders.com\/wp-content\/uploads\/2018\/05\/beitragsbilder-vergleich-uk-stocks-150x150-1.jpg\" class=\"w-1\/3 rounded object-cover  wp-post-image\" alt=\"Trading\" \/>\n                        <div class=\"flex flex-col w-2\/3 pl-3\">\n                                                        <span\n                                class=\"block py-1 grow text-sm font-bold \">7 Tipps, um beim Trading den Fokus zu bewahren<\/span>\n                                                            <span class=\"text-xs uppercase\">\n                                    Analyst Team\n                                <\/span>\n                                                    <\/div>\n                    <\/a>\n                <\/li>\n                    <\/ul>\n            \n    <\/aside>\n\n\n<aside class=\"wp-block-related-posts  \" data-sidebar>\n                    \n\n<h2 class=\"wp-block-heading\"  class=\"wp-block-heading\"  id=\"aktuelle_beitraege\">Aktuelle Beitr\u00e4ge<\/h2>\n\n\n        <ul class=\"grid grid-cols-1 md:grid-cols-2 gap-4 lg:grid-cols-1\">\n                            <li class=\"w-full p-3 rounded-lg shadow md:w-full\">\n                    <a href=\"https:\/\/www.asktraders.com\/de\/finanznachrichten\/evonik-aktien-erreichen-neues-tief-als-e13-durchbrochen-werden\/\" class=\"flex\">\n                        <img loading=\"lazy\" decoding=\"async\" width=\"150\" height=\"150\" src=\"https:\/\/www.asktraders.com\/wp-content\/uploads\/2023\/05\/evonik-aktie-prognose-150x150.jpg\" class=\"w-1\/3 rounded object-cover  wp-post-image\" alt=\"Evonik Aktie\" \/>\n                        <div class=\"flex flex-col w-2\/3 pl-3\">\n                                                        <span\n                                class=\"block py-1 grow text-sm font-bold \">Evonik Aktien erreichen neues Tief, als \u20ac13 durchbrochen werden<\/span>\n                                                            <span class=\"text-xs uppercase\">\n                                    Analyst Team\n                                <\/span>\n                                                    <\/div>\n                    <\/a>\n                <\/li>\n                            <li class=\"w-full p-3 rounded-lg shadow md:w-full\">\n                    <a href=\"https:\/\/www.asktraders.com\/de\/finanznachrichten\/2g-energy-ag-aktie-erholt-sich-von-unterstuetzung-steigerung-von-10\/\" class=\"flex\">\n                        <img loading=\"lazy\" decoding=\"async\" width=\"150\" height=\"150\" src=\"https:\/\/www.asktraders.com\/wp-content\/uploads\/2025\/08\/power-and-energy-150x150.jpg\" class=\"w-1\/3 rounded object-cover  wp-post-image\" alt=\"Uniper UN0\" \/>\n                        <div class=\"flex flex-col w-2\/3 pl-3\">\n                                                        <span\n                                class=\"block py-1 grow text-sm font-bold \">2G Energy AG Aktie erholt sich von Unterst\u00fctzung \u2013 Steigerung von 10%<\/span>\n                                                            <span class=\"text-xs uppercase\">\n                                    Analyst Team\n                                <\/span>\n                                                    <\/div>\n                    <\/a>\n                <\/li>\n                            <li class=\"w-full p-3 rounded-lg shadow md:w-full\">\n                    <a href=\"https:\/\/www.asktraders.com\/de\/finanznachrichten\/mercedes-benz-aktie-goldman-sachs-initiiert-analystendeckung-mit-positiver-einschaetzung\/\" class=\"flex\">\n                        <img loading=\"lazy\" decoding=\"async\" width=\"150\" height=\"150\" src=\"https:\/\/www.asktraders.com\/wp-content\/uploads\/2023\/06\/aktie-mercedes-150x150.jpg\" class=\"w-1\/3 rounded object-cover  wp-post-image\" alt=\"Mercedes Aktie\" \/>\n                        <div class=\"flex flex-col w-2\/3 pl-3\">\n                                                        <span\n                                class=\"block py-1 grow text-sm font-bold \">Mercedes-Benz Aktie: Goldman Sachs initiiert Analystendeckung mit positiver Einsch\u00e4tzung<\/span>\n                                                            <span class=\"text-xs uppercase\">\n                                    Analyst Team\n                                <\/span>\n                                                    <\/div>\n                    <\/a>\n                <\/li>\n                            <li class=\"w-full p-3 rounded-lg shadow md:w-full\">\n                    <a href=\"https:\/\/www.asktraders.com\/de\/finanznachrichten\/dax-aktien-erholen-sich-nach-nvidia-beben-maerkte-atmen-auf\/\" class=\"flex\">\n                        <img loading=\"lazy\" decoding=\"async\" width=\"150\" height=\"150\" src=\"https:\/\/www.asktraders.com\/wp-content\/uploads\/2023\/04\/dax-handeln-150x150.jpg\" class=\"w-1\/3 rounded object-cover  wp-post-image\" alt=\"\" \/>\n                        <div class=\"flex flex-col w-2\/3 pl-3\">\n                                                        <span\n                                class=\"block py-1 grow text-sm font-bold \">DAX-Aktien erholen sich nach Nvidia-Beben: M\u00e4rkte atmen auf<\/span>\n                                                            <span class=\"text-xs uppercase\">\n                                    Analyst Team\n                                <\/span>\n                                                    <\/div>\n                    <\/a>\n                <\/li>\n                            <li class=\"w-full p-3 rounded-lg shadow md:w-full\">\n                    <a href=\"https:\/\/www.asktraders.com\/de\/finanznachrichten\/rheinmetall-aktien-finden-unterstuetzung-bei-1-600-e-wie-geht-es-weiter\/\" class=\"flex\">\n                        <img loading=\"lazy\" decoding=\"async\" width=\"150\" height=\"150\" src=\"https:\/\/www.asktraders.com\/wp-content\/uploads\/2022\/11\/Die-Rheinmetall-Aktie-im-Chart-150x150.jpg\" class=\"w-1\/3 rounded object-cover  wp-post-image\" alt=\"Die Rheinmetall Aktie im Chart\" \/>\n                        <div class=\"flex flex-col w-2\/3 pl-3\">\n                                                        <span\n                                class=\"block py-1 grow text-sm font-bold \">Rheinmetall-Aktien finden Unterst\u00fctzung bei 1.600 \u20ac \u2013 Wie geht es weiter?<\/span>\n                                                            <span class=\"text-xs uppercase\">\n                                    Analyst Team\n                                <\/span>\n                                                    <\/div>\n                    <\/a>\n                <\/li>\n                    <\/ul>\n            \n    <\/aside>\n\n\n<div class=\"wp-block-top5-broker\" data-sidebar>\n        <div>\n        \n\n<h2 class=\"wp-block-heading\"  class=\"wp-block-heading\"  id=\"\"><\/h2>\n\n\n    <\/div>\n            <div class=\"block bg-white rounded-lg shadow\">\n        <ul\n            class=\"flex flex-wrap w-full -mb-px list-none border-b-2 navTabs \">\n                                                                                                        <\/ul>\n                    <div class=\"navTabContent \" id=\"top5-tab1\">\n                <ol class=\"flex\n                flex-wrap\n                \">\n                                    <\/ol>\n                            <\/div>\n                    <div class=\"navTabContent hidden\" id=\"top5-tab2\">\n                <ol class=\"flex\n                flex-wrap\n                \">\n                                    <\/ol>\n                            <\/div>\n                    <div class=\"navTabContent hidden\" id=\"top5-tab3\">\n                <ol class=\"flex\n                flex-wrap\n                \">\n                                    <\/ol>\n                            <\/div>\n        \n    <\/div>\n    <\/div>\n","protected":false},"author":66,"featured_media":177150,"parent":0,"comment_status":"open","ping_status":"closed","template":"","tradingcategory":[99],"class_list":["post-177146","learn_to_trade","type-learn_to_trade","status-publish","has-post-thumbnail","hentry","tradingcategory-aktien"],"acf":[],"yoast_head":"<!-- This site is optimized with the Yoast SEO plugin v27.2 - https:\/\/yoast.com\/product\/yoast-seo-wordpress\/ -->\n<title>Adler Group Aktie 2026: Gro\u00dfrazzia hat Einfluss auf den Kurs<\/title>\n<meta name=\"description\" content=\"Adler Group Aktie 2026 \u00bb Nach schwerer Krise kommt Razzia \u271a Extremer Kursverlust als Folge \u27a4 Hier mehr erfahren und informieren!\" \/>\n<meta name=\"robots\" content=\"index, follow, max-snippet:-1, max-image-preview:large, max-video-preview:-1\" \/>\n<link rel=\"canonical\" href=\"https:\/\/www.asktraders.com\/de\/traden-lernen\/aktien\/adler-group-aktie\/\" \/>\n<meta property=\"og:locale\" content=\"de_DE\" \/>\n<meta property=\"og:type\" content=\"article\" \/>\n<meta property=\"og:title\" content=\"Adler Group Aktie 2026: Gro\u00dfrazzia hat Einfluss auf den Kurs\" \/>\n<meta property=\"og:description\" content=\"Adler Group Aktie [yyyy] \u00bb Nach schwerer Krise kommt Razzia \u271a Extremer Kursverlust als Folge \u27a4 Hier mehr erfahren und informieren!\" \/>\n<meta property=\"og:url\" content=\"https:\/\/www.asktraders.com\/de\/traden-lernen\/aktien\/adler-group-aktie\/\" \/>\n<meta property=\"og:site_name\" content=\"AskTraders.com\" \/>\n<meta property=\"article:publisher\" content=\"https:\/\/www.facebook.com\/asktraderscom\" \/>\n<meta property=\"article:modified_time\" content=\"2023-07-10T07:52:56+00:00\" \/>\n<meta property=\"og:image\" content=\"https:\/\/www.asktraders.com\/wp-content\/uploads\/2023\/07\/Adler-Group-Aktie.jpg\" \/>\n\t<meta property=\"og:image:width\" content=\"1070\" \/>\n\t<meta property=\"og:image:height\" content=\"724\" \/>\n\t<meta property=\"og:image:type\" content=\"image\/jpeg\" \/>\n<meta name=\"twitter:card\" content=\"summary_large_image\" \/>\n<meta name=\"twitter:site\" content=\"@Asktraders1\" \/>\n<meta name=\"twitter:label1\" content=\"Gesch\u00e4tzte Lesezeit\" \/>\n\t<meta name=\"twitter:data1\" content=\"12 Minuten\" \/>\n<script type=\"application\/ld+json\" class=\"yoast-schema-graph\">{\"@context\":\"https:\/\/schema.org\",\"@graph\":[{\"@type\":\"WebPage\",\"@id\":\"https:\/\/www.asktraders.com\/de\/traden-lernen\/aktien\/adler-group-aktie\/\",\"url\":\"https:\/\/www.asktraders.com\/de\/traden-lernen\/aktien\/adler-group-aktie\/\",\"name\":\"Adler Group Aktie [yyyy]: Gro\u00dfrazzia hat Einfluss auf den Kurs\",\"isPartOf\":{\"@id\":\"https:\/\/www.asktraders.com\/de\/#website\"},\"primaryImageOfPage\":{\"@id\":\"https:\/\/www.asktraders.com\/de\/traden-lernen\/aktien\/adler-group-aktie\/#primaryimage\"},\"image\":{\"@id\":\"https:\/\/www.asktraders.com\/de\/traden-lernen\/aktien\/adler-group-aktie\/#primaryimage\"},\"thumbnailUrl\":\"https:\/\/www.asktraders.com\/wp-content\/uploads\/2023\/07\/Adler-Group-Aktie.jpg\",\"datePublished\":\"2023-07-10T07:39:05+00:00\",\"dateModified\":\"2023-07-10T07:52:56+00:00\",\"description\":\"Adler Group Aktie [yyyy] \u00bb Nach schwerer Krise kommt Razzia \u271a Extremer Kursverlust als Folge \u27a4 Hier mehr erfahren und informieren!\",\"breadcrumb\":{\"@id\":\"https:\/\/www.asktraders.com\/de\/traden-lernen\/aktien\/adler-group-aktie\/#breadcrumb\"},\"inLanguage\":\"de-DE\",\"potentialAction\":[{\"@type\":\"ReadAction\",\"target\":[\"https:\/\/www.asktraders.com\/de\/traden-lernen\/aktien\/adler-group-aktie\/\"]}],\"accessibilityFeature\":[\"tableOfContents\"],\"author\":{\"url\":\"https:\/\/www.asktraders.com\/de\/author\/asktraders-team\/\"}},{\"@type\":\"ImageObject\",\"inLanguage\":\"de-DE\",\"@id\":\"https:\/\/www.asktraders.com\/de\/traden-lernen\/aktien\/adler-group-aktie\/#primaryimage\",\"url\":\"https:\/\/www.asktraders.com\/wp-content\/uploads\/2023\/07\/Adler-Group-Aktie.jpg\",\"contentUrl\":\"https:\/\/www.asktraders.com\/wp-content\/uploads\/2023\/07\/Adler-Group-Aktie.jpg\",\"width\":1070,\"height\":724,\"caption\":\"Adler Group Aktie\"},{\"@type\":\"BreadcrumbList\",\"@id\":\"https:\/\/www.asktraders.com\/de\/traden-lernen\/aktien\/adler-group-aktie\/#breadcrumb\",\"itemListElement\":[{\"@type\":\"ListItem\",\"position\":1,\"name\":\"Home\",\"item\":\"https:\/\/www.asktraders.com\/de\/\"},{\"@type\":\"ListItem\",\"position\":2,\"name\":\"Traden Lernen\",\"item\":\"https:\/\/www.asktraders.com\/de\/traden-lernen\/\"},{\"@type\":\"ListItem\",\"position\":3,\"name\":\"Aktienhandel lernen\",\"item\":\"https:\/\/www.asktraders.com\/de\/traden-lernen\/aktien\/\"},{\"@type\":\"ListItem\",\"position\":4,\"name\":\"Adler Group Aktie &#8211; was passiert nach Razzia?\"}]},{\"@type\":\"WebSite\",\"@id\":\"https:\/\/www.asktraders.com\/de\/#website\",\"url\":\"https:\/\/www.asktraders.com\/de\/\",\"name\":\"AskTraders\",\"description\":\"Guiding You To Trading Success\",\"publisher\":{\"@id\":\"https:\/\/www.asktraders.com\/de\/#organization\"},\"inLanguage\":\"de-DE\"},{\"@type\":\"Organization\",\"@id\":\"https:\/\/www.asktraders.com\/de\/#organization\",\"name\":\"AskTraders\",\"url\":\"https:\/\/www.asktraders.com\/de\/\",\"logo\":{\"@type\":\"ImageObject\",\"inLanguage\":\"de-DE\",\"@id\":\"https:\/\/www.asktraders.com\/de\/#\/schema\/logo\/image\/\",\"url\":\"https:\/\/www.asktraders.com\/wp-content\/uploads\/2019\/05\/asktraders-logo-tm-white.png\",\"contentUrl\":\"https:\/\/www.asktraders.com\/wp-content\/uploads\/2019\/05\/asktraders-logo-tm-white.png\",\"width\":232,\"height\":38,\"caption\":\"AskTraders\"},\"image\":{\"@id\":\"https:\/\/www.asktraders.com\/de\/#\/schema\/logo\/image\/\"},\"sameAs\":[\"https:\/\/www.facebook.com\/asktraderscom\",\"https:\/\/x.com\/Asktraders1\"]}]}<\/script>\n<!-- \/ Yoast SEO plugin. -->","yoast_head_json":{"title":"Adler Group Aktie 2026: Gro\u00dfrazzia hat Einfluss auf den Kurs","description":"Adler Group Aktie 2026 \u00bb Nach schwerer Krise kommt Razzia \u271a Extremer Kursverlust als Folge \u27a4 Hier mehr erfahren und informieren!","robots":{"index":"index","follow":"follow","max-snippet":"max-snippet:-1","max-image-preview":"max-image-preview:large","max-video-preview":"max-video-preview:-1"},"canonical":"https:\/\/www.asktraders.com\/de\/traden-lernen\/aktien\/adler-group-aktie\/","og_locale":"de_DE","og_type":"article","og_title":"Adler Group Aktie 2026: Gro\u00dfrazzia hat Einfluss auf den Kurs","og_description":"Adler Group Aktie [yyyy] \u00bb Nach schwerer Krise kommt Razzia \u271a Extremer Kursverlust als Folge \u27a4 Hier mehr erfahren und informieren!","og_url":"https:\/\/www.asktraders.com\/de\/traden-lernen\/aktien\/adler-group-aktie\/","og_site_name":"AskTraders.com","article_publisher":"https:\/\/www.facebook.com\/asktraderscom","article_modified_time":"2023-07-10T07:52:56+00:00","og_image":[{"width":1070,"height":724,"url":"https:\/\/www.asktraders.com\/wp-content\/uploads\/2023\/07\/Adler-Group-Aktie.jpg","type":"image\/jpeg"}],"twitter_card":"summary_large_image","twitter_site":"@Asktraders1","twitter_misc":{"Gesch\u00e4tzte Lesezeit":"12 Minuten"},"schema":{"@context":"https:\/\/schema.org","@graph":[{"@type":"WebPage","@id":"https:\/\/www.asktraders.com\/de\/traden-lernen\/aktien\/adler-group-aktie\/","url":"https:\/\/www.asktraders.com\/de\/traden-lernen\/aktien\/adler-group-aktie\/","name":"Adler Group Aktie [yyyy]: Gro\u00dfrazzia hat Einfluss auf den Kurs","isPartOf":{"@id":"https:\/\/www.asktraders.com\/de\/#website"},"primaryImageOfPage":{"@id":"https:\/\/www.asktraders.com\/de\/traden-lernen\/aktien\/adler-group-aktie\/#primaryimage"},"image":{"@id":"https:\/\/www.asktraders.com\/de\/traden-lernen\/aktien\/adler-group-aktie\/#primaryimage"},"thumbnailUrl":"https:\/\/www.asktraders.com\/wp-content\/uploads\/2023\/07\/Adler-Group-Aktie.jpg","datePublished":"2023-07-10T07:39:05+00:00","dateModified":"2023-07-10T07:52:56+00:00","description":"Adler Group Aktie [yyyy] \u00bb Nach schwerer Krise kommt Razzia \u271a Extremer Kursverlust als Folge \u27a4 Hier mehr erfahren und informieren!","breadcrumb":{"@id":"https:\/\/www.asktraders.com\/de\/traden-lernen\/aktien\/adler-group-aktie\/#breadcrumb"},"inLanguage":"de-DE","potentialAction":[{"@type":"ReadAction","target":["https:\/\/www.asktraders.com\/de\/traden-lernen\/aktien\/adler-group-aktie\/"]}],"accessibilityFeature":["tableOfContents"],"author":{"url":"https:\/\/www.asktraders.com\/de\/author\/asktraders-team\/"}},{"@type":"ImageObject","inLanguage":"de-DE","@id":"https:\/\/www.asktraders.com\/de\/traden-lernen\/aktien\/adler-group-aktie\/#primaryimage","url":"https:\/\/www.asktraders.com\/wp-content\/uploads\/2023\/07\/Adler-Group-Aktie.jpg","contentUrl":"https:\/\/www.asktraders.com\/wp-content\/uploads\/2023\/07\/Adler-Group-Aktie.jpg","width":1070,"height":724,"caption":"Adler Group Aktie"},{"@type":"BreadcrumbList","@id":"https:\/\/www.asktraders.com\/de\/traden-lernen\/aktien\/adler-group-aktie\/#breadcrumb","itemListElement":[{"@type":"ListItem","position":1,"name":"Home","item":"https:\/\/www.asktraders.com\/de\/"},{"@type":"ListItem","position":2,"name":"Traden Lernen","item":"https:\/\/www.asktraders.com\/de\/traden-lernen\/"},{"@type":"ListItem","position":3,"name":"Aktienhandel lernen","item":"https:\/\/www.asktraders.com\/de\/traden-lernen\/aktien\/"},{"@type":"ListItem","position":4,"name":"Adler Group Aktie &#8211; was passiert nach Razzia?"}]},{"@type":"WebSite","@id":"https:\/\/www.asktraders.com\/de\/#website","url":"https:\/\/www.asktraders.com\/de\/","name":"AskTraders","description":"Guiding You To Trading Success","publisher":{"@id":"https:\/\/www.asktraders.com\/de\/#organization"},"inLanguage":"de-DE"},{"@type":"Organization","@id":"https:\/\/www.asktraders.com\/de\/#organization","name":"AskTraders","url":"https:\/\/www.asktraders.com\/de\/","logo":{"@type":"ImageObject","inLanguage":"de-DE","@id":"https:\/\/www.asktraders.com\/de\/#\/schema\/logo\/image\/","url":"https:\/\/www.asktraders.com\/wp-content\/uploads\/2019\/05\/asktraders-logo-tm-white.png","contentUrl":"https:\/\/www.asktraders.com\/wp-content\/uploads\/2019\/05\/asktraders-logo-tm-white.png","width":232,"height":38,"caption":"AskTraders"},"image":{"@id":"https:\/\/www.asktraders.com\/de\/#\/schema\/logo\/image\/"},"sameAs":["https:\/\/www.facebook.com\/asktraderscom","https:\/\/x.com\/Asktraders1"]}]}},"_links":{"self":[{"href":"https:\/\/www.asktraders.com\/de\/wp-json\/wp\/v2\/learn_to_trade\/177146","targetHints":{"allow":["GET"]}}],"collection":[{"href":"https:\/\/www.asktraders.com\/de\/wp-json\/wp\/v2\/learn_to_trade"}],"about":[{"href":"https:\/\/www.asktraders.com\/de\/wp-json\/wp\/v2\/types\/learn_to_trade"}],"author":[{"embeddable":true,"href":"https:\/\/www.asktraders.com\/de\/wp-json\/wp\/v2\/users\/66"}],"replies":[{"embeddable":true,"href":"https:\/\/www.asktraders.com\/de\/wp-json\/wp\/v2\/comments?post=177146"}],"version-history":[{"count":0,"href":"https:\/\/www.asktraders.com\/de\/wp-json\/wp\/v2\/learn_to_trade\/177146\/revisions"}],"wp:featuredmedia":[{"embeddable":true,"href":"https:\/\/www.asktraders.com\/de\/wp-json\/wp\/v2\/media\/177150"}],"wp:attachment":[{"href":"https:\/\/www.asktraders.com\/de\/wp-json\/wp\/v2\/media?parent=177146"}],"wp:term":[{"taxonomy":"tradingcategory","embeddable":true,"href":"https:\/\/www.asktraders.com\/de\/wp-json\/wp\/v2\/tradingcategory?post=177146"}],"curies":[{"name":"wp","href":"https:\/\/api.w.org\/{rel}","templated":true}]}}